{"id":3033,"date":"2023-01-10T13:51:15","date_gmt":"2023-01-10T13:51:15","guid":{"rendered":"https:\/\/grupoberna.com\/colonia-de-sant-jordi\/"},"modified":"2026-02-25T16:57:47","modified_gmt":"2026-02-25T16:57:47","slug":"colonia-de-sant-jordi","status":"publish","type":"page","link":"https:\/\/grupoberna.info\/de\/colonia-de-sant-jordi\/","title":{"rendered":"Colonia de Sant Jordi"},"content":{"rendered":"<p><div class=\"fusion-fullwidth fullwidth-box fusion-builder-row-1 fusion-flex-container fusion-parallax-fixed nonhundred-percent-fullwidth non-hundred-percent-height-scrolling lazyload\" style=\"--awb-background-position:center top;--awb-border-sizes-top:0;--awb-border-sizes-left:0;--awb-border-sizes-right:0;--awb-border-color:#ffffff;--awb-border-radius-top-left:0px;--awb-border-radius-top-right:0px;--awb-border-radius-bottom-right:0px;--awb-border-radius-bottom-left:0px;--awb-padding-top:10vw;--awb-padding-right:4vw;--awb-padding-bottom:10vw;--awb-padding-left:4vw;--awb-padding-right-medium:40px;--awb-padding-right-small:0px;--awb-padding-left-small:0px;--awb-margin-bottom:0px;--awb-background-color:rgba(255,255,255,0);--awb-background-image:linear-gradient(90deg, rgba(0,0,0,0.59) 47%,rgba(255,252,252,0) 100%);;--awb-background-size:cover;background-attachment:fixed;\" data-bg=\"https:\/\/grupoberna.info\/wp-content\/uploads\/2021\/08\/playa-colonia-mallorca.jpg\" data-bg-gradient=\"linear-gradient(90deg, rgba(0,0,0,0.59) 47%,rgba(255,252,252,0) 100%)\" ><div class=\"fusion-builder-row fusion-row fusion-flex-align-items-center fusion-flex-justify-content-center\" style=\"max-width:1365px;margin-left: calc(-5% \/ 2 );margin-right: calc(-5% \/ 2 );\"><div class=\"fusion-layout-column fusion_builder_column fusion-builder-column-0 fusion_builder_column_2_3 2_3 fusion-flex-column fusion-flex-align-self-flex-end fusion-animated\" style=\"--awb-padding-top-medium:7vh;--awb-padding-right-medium:0px;--awb-padding-bottom-medium:7vh;--awb-padding-top-small:11vw;--awb-padding-right-small:8vw;--awb-padding-bottom-small:11vw;--awb-padding-left-small:8vw;--awb-bg-size:cover;--awb-width-large:66.666666666667%;--awb-margin-top-large:0px;--awb-spacing-right-large:3.5625%;--awb-margin-bottom-large:0px;--awb-spacing-left-large:3.5625%;--awb-width-medium:66.666666666667%;--awb-order-medium:0;--awb-spacing-right-medium:3.5625%;--awb-spacing-left-medium:3.5625%;--awb-width-small:100%;--awb-order-small:0;--awb-spacing-right-small:2.375%;--awb-spacing-left-small:2.375%;\" data-animationType=\"fadeInUp\" data-animationDuration=\"1.0\" data-animationOffset=\"top-into-view\"><div class=\"fusion-column-wrapper fusion-column-has-shadow fusion-flex-justify-content-center fusion-content-layout-column\"><div class=\"fusion-title title fusion-title-1 fusion-sep-none fusion-title-text fusion-title-size-one\" style=\"--awb-text-color:#ffffff;--awb-font-size:50px;\"><h1 class=\"title-heading-left\" style=\"margin:0;font-size:1em;\"><p style=\"text-align: center;\">Colonia de Sant Jordi<\/p><\/h1><\/div><div class=\"fusion-text fusion-text-1\" style=\"--awb-font-size:25px;--awb-text-color:#ffffff;\"><p style=\"text-align: center;\">Einer der sch\u00f6nsten Orte auf der Insel Mallorca<\/p>\n<\/div><\/div><\/div><\/div><\/div><div class=\"fusion-fullwidth fullwidth-box fusion-builder-row-2 fusion-flex-container nonhundred-percent-fullwidth non-hundred-percent-height-scrolling\" style=\"--awb-border-color:#ffffff;--awb-border-radius-top-left:0px;--awb-border-radius-top-right:0px;--awb-border-radius-bottom-right:0px;--awb-border-radius-bottom-left:0px;--awb-padding-top:4vw;--awb-padding-bottom:2vw;--awb-padding-right-medium:5vw;--awb-padding-bottom-medium:8vw;--awb-padding-left-medium:5vw;--awb-padding-top-small:9vw;--awb-padding-bottom-small:12vw;--awb-background-color:#ffffff;\" ><div class=\"fusion-builder-row fusion-row fusion-flex-align-items-center\" style=\"max-width:1365px;margin-left: calc(-5% \/ 2 );margin-right: calc(-5% \/ 2 );\"><div class=\"fusion-layout-column fusion_builder_column fusion-builder-column-1 fusion_builder_column_1_2 1_2 fusion-flex-column\" style=\"--awb-bg-size:cover;--awb-width-large:50%;--awb-margin-top-large:0px;--awb-spacing-right-large:4.75%;--awb-margin-bottom-large:0px;--awb-spacing-left-large:4.75%;--awb-width-medium:50%;--awb-order-medium:0;--awb-spacing-right-medium:4.75%;--awb-spacing-left-medium:4.75%;--awb-width-small:100%;--awb-order-small:0;--awb-spacing-right-small:2.375%;--awb-spacing-left-small:2.375%;\"><div class=\"fusion-column-wrapper fusion-column-has-shadow fusion-flex-justify-content-flex-start fusion-content-layout-column\"><div class=\"fusion-image-element \" style=\"--awb-caption-title-size:var(--h2_typography-font-size);--awb-caption-title-transform:var(--h2_typography-text-transform);--awb-caption-title-line-height:var(--h2_typography-line-height);--awb-caption-title-letter-spacing:var(--h2_typography-letter-spacing);\"><span class=\" fusion-imageframe imageframe-none imageframe-1 hover-type-none\" style=\"border-radius:3%;\"><img decoding=\"async\" width=\"586\" height=\"668\" title=\"colonia-de-sant-jordi-intro-mallorca-grupo-berna\" src=\"https:\/\/grupoberna.info\/wp-content\/uploads\/2022\/12\/colonia-de-sant-jordi-intro-mallorca-grupo-berna.jpg\" data-orig-src=\"https:\/\/grupoberna.info\/wp-content\/uploads\/2022\/12\/colonia-de-sant-jordi-intro-mallorca-grupo-berna.jpg\" alt class=\"lazyload img-responsive wp-image-2858\" srcset=\"data:image\/svg+xml,%3Csvg%20xmlns%3D%27http%3A%2F%2Fwww.w3.org%2F2000%2Fsvg%27%20width%3D%27586%27%20height%3D%27668%27%20viewBox%3D%270%200%20586%20668%27%3E%3Crect%20width%3D%27586%27%20height%3D%27668%27%20fill-opacity%3D%220%22%2F%3E%3C%2Fsvg%3E\" data-srcset=\"https:\/\/grupoberna.info\/wp-content\/uploads\/2022\/12\/colonia-de-sant-jordi-intro-mallorca-grupo-berna-200x228.jpg 200w, https:\/\/grupoberna.info\/wp-content\/uploads\/2022\/12\/colonia-de-sant-jordi-intro-mallorca-grupo-berna-400x456.jpg 400w, https:\/\/grupoberna.info\/wp-content\/uploads\/2022\/12\/colonia-de-sant-jordi-intro-mallorca-grupo-berna.jpg 586w\" data-sizes=\"auto\" data-orig-sizes=\"(max-width: 700px) 100vw, 586px\" \/><\/span><\/div><\/div><\/div><div class=\"fusion-layout-column fusion_builder_column fusion-builder-column-2 fusion_builder_column_1_2 1_2 fusion-flex-column\" style=\"--awb-bg-size:cover;--awb-width-large:50%;--awb-margin-top-large:0px;--awb-spacing-right-large:4.75%;--awb-margin-bottom-large:0px;--awb-spacing-left-large:4.75%;--awb-width-medium:50%;--awb-order-medium:0;--awb-spacing-right-medium:4.75%;--awb-spacing-left-medium:4.75%;--awb-width-small:100%;--awb-order-small:0;--awb-spacing-right-small:2.375%;--awb-margin-bottom-small:30px;--awb-spacing-left-small:2.375%;\"><div class=\"fusion-column-wrapper fusion-column-has-shadow fusion-flex-justify-content-flex-start fusion-content-layout-column\"><div class=\"fusion-title title fusion-title-2 fusion-no-large-visibility fusion-sep-none fusion-title-center fusion-title-text fusion-title-size-two\" style=\"--awb-text-color:#016193;--awb-margin-bottom:30px;--awb-margin-top-small:9vw;--awb-font-size:42px;\"><h2 class=\"title-heading-center\" style=\"margin:0;font-size:1em;\"><p style=\"text-align: center;\">Colonia de Sant Jordi<\/p><\/h2><\/div><div class=\"fusion-title title fusion-title-3 fusion-no-small-visibility fusion-no-medium-visibility fusion-sep-none fusion-title-center fusion-title-text fusion-title-size-two\" style=\"--awb-text-color:#016193;--awb-margin-bottom:30px;--awb-margin-top-small:9vw;--awb-font-size:60px;\"><h2 class=\"title-heading-center\" style=\"margin:0;font-size:1em;\"><p style=\"text-align: center;\">Colonia de Sant Jordi<\/p><\/h2><\/div><div class=\"fusion-text fusion-text-2\" style=\"--awb-content-alignment:center;--awb-font-size:18px;--awb-text-color:#464646;\"><p>Colonia de Sant Jordi, das zur Gemeinde Ses Salinas geh\u00f6rt und direkt an der Mittelmeerk\u00fcste liegt, ist einer der sch\u00f6nsten Orte Mallorcas.<br \/>\nEs bildet eine kleine Halbinsel, die von wundersch\u00f6nen, unber\u00fchrten Str\u00e4nden umgeben ist, die von tausendj\u00e4hrigen Kiefern ges\u00e4umt werden. Zu den Highlights geh\u00f6ren Playa del Puerto, Es Dol\u00e7, Es Carb\u00f3, Cala Galiota, Los Estanques und vor allem der majest\u00e4tische Strand von Es Trenc.<br \/>\nDer Hafen von Colonia de San Jordi, der sowohl tags\u00fcber als auch nachts lebendig ist, bietet mit dem Schaukeln der kleinen Fischerboote, die in den Hafen zur\u00fcckkehren, ein st\u00e4ndiges Schauspiel.  Im Sommer werden t\u00e4glich Ausfl\u00fcge zum nationalen Meeres- und Erdpark des Cabrera-Archipels angeboten.<\/p>\n<p>W\u00e4hlen Sie Ihren Urlaub in Mallorca, W\u00e4hlen Sie Colonia de Sant Jordi!<\/p>\n<\/div><\/div><\/div><\/div><\/div><div class=\"fusion-fullwidth fullwidth-box fusion-builder-row-3 fusion-flex-container hundred-percent-fullwidth non-hundred-percent-height-scrolling\" style=\"--awb-border-radius-top-left:0px;--awb-border-radius-top-right:0px;--awb-border-radius-bottom-right:0px;--awb-border-radius-bottom-left:0px;--awb-padding-top:3vw;\" ><div class=\"fusion-builder-row fusion-row fusion-flex-align-items-flex-start\" style=\"width:105% !important;max-width:105% !important;margin-left: calc(-5% \/ 2 );margin-right: calc(-5% \/ 2 );\"><div class=\"fusion-layout-column fusion_builder_column fusion-builder-column-3 fusion_builder_column_1_1 1_1 fusion-flex-column fusion-animated\" style=\"--awb-padding-top:2vw;--awb-padding-right:2vw;--awb-padding-bottom:2w;--awb-padding-left:2vw;--awb-padding-top-small:9vw;--awb-padding-right-small:4vw;--awb-padding-bottom-small:9vw;--awb-padding-left-small:4vw;--awb-overflow:hidden;--awb-bg-color:rgba(255,255,255,0);--awb-bg-size:cover;--awb-border-radius:6px 6px 6px 6px;--awb-width-large:100%;--awb-margin-top-large:0px;--awb-spacing-right-large:2.375%;--awb-margin-bottom-large:30px;--awb-spacing-left-large:2.375%;--awb-width-medium:40%;--awb-order-medium:0;--awb-spacing-right-medium:5.9375%;--awb-spacing-left-medium:5.9375%;--awb-width-small:100%;--awb-order-small:0;--awb-spacing-right-small:2.375%;--awb-margin-bottom-small:6vw;--awb-spacing-left-small:2.375%;\" data-animationType=\"fadeInUp\" data-animationDuration=\"1.0\" data-animationOffset=\"top-into-view\"><div class=\"fusion-column-wrapper fusion-column-has-shadow fusion-flex-justify-content-center fusion-content-layout-column\"><div class=\"awb-gallery-wrapper awb-gallery-wrapper-1 button-span-no\" style=\"--more-btn-alignment:center;\"><div style=\"margin:-11px;--awb-bordersize:0px;--awb-border-radius:10px;\" class=\"fusion-gallery fusion-gallery-container fusion-grid-3 fusion-columns-total-3 fusion-gallery-layout-masonry fusion-gallery-1\"><div class=\"fusion-grid-column fusion-gallery-column fusion-gallery-column-3 hover-type-zoomin fusion-grid-sizer\"><\/div><div style=\"padding:11.5px;\" class=\"fusion-grid-column fusion-gallery-column fusion-gallery-column-3 hover-type-zoomin fusion-element-grid\"><div class=\"fusion-gallery-image\"><a href=\"https:\/\/grupoberna.info\/wp-content\/uploads\/2022\/12\/colonia-de-sant-jordi-mallorca1-grupo-berna.jpg\" rel=\"noreferrer\" data-rel=\"iLightbox[gallery_image_1]\" class=\"fusion-lightbox\" target=\"_self\"><div style=\"padding-top:calc((100% + 22px) * 0.8 - 11.5px);background-position:;\" class=\"fusion-masonry-element-container lazyload\" data-bg=\"https:\/\/grupoberna.info\/wp-content\/uploads\/2022\/12\/colonia-de-sant-jordi-mallorca1-grupo-berna.jpg\"><img decoding=\"async\" src=\"https:\/\/grupoberna.info\/wp-content\/uploads\/2022\/12\/colonia-de-sant-jordi-mallorca1-grupo-berna.jpg\" data-orig-src=\"https:\/\/grupoberna.info\/wp-content\/uploads\/2022\/12\/colonia-de-sant-jordi-mallorca1-grupo-berna.jpg\" width=\"1200\" height=\"800\" alt=\"\" title=\"colonia-de-sant-jordi-mallorca1-grupo-berna\" aria-label=\"colonia-de-sant-jordi-mallorca1-grupo-berna\" class=\"lazyload img-responsive wp-image-2403\" srcset=\"data:image\/svg+xml,%3Csvg%20xmlns%3D%27http%3A%2F%2Fwww.w3.org%2F2000%2Fsvg%27%20width%3D%271200%27%20height%3D%27800%27%20viewBox%3D%270%200%201200%20800%27%3E%3Crect%20width%3D%271200%27%20height%3D%27800%27%20fill-opacity%3D%220%22%2F%3E%3C%2Fsvg%3E\" data-srcset=\"https:\/\/grupoberna.info\/wp-content\/uploads\/2022\/12\/colonia-de-sant-jordi-mallorca1-grupo-berna-200x133.jpg 200w, https:\/\/grupoberna.info\/wp-content\/uploads\/2022\/12\/colonia-de-sant-jordi-mallorca1-grupo-berna-400x267.jpg 400w, https:\/\/grupoberna.info\/wp-content\/uploads\/2022\/12\/colonia-de-sant-jordi-mallorca1-grupo-berna-600x400.jpg 600w, https:\/\/grupoberna.info\/wp-content\/uploads\/2022\/12\/colonia-de-sant-jordi-mallorca1-grupo-berna-800x533.jpg 800w, https:\/\/grupoberna.info\/wp-content\/uploads\/2022\/12\/colonia-de-sant-jordi-mallorca1-grupo-berna.jpg 1200w\" data-sizes=\"auto\" data-orig-sizes=\"(min-width: 2200px) 100vw, (min-width: 784px) 426px, (min-width: 712px) 639px, (min-width: 640px) 712px, \" \/><\/div><\/a><\/div><\/div><div style=\"padding:11.5px;\" class=\"fusion-grid-column fusion-gallery-column fusion-gallery-column-3 hover-type-zoomin fusion-element-grid\"><div class=\"fusion-gallery-image\"><a href=\"https:\/\/grupoberna.info\/wp-content\/uploads\/2022\/12\/colonia-de-sant-jordi-mallorca2-grupo-berna.jpg\" rel=\"noreferrer\" data-rel=\"iLightbox[gallery_image_1]\" class=\"fusion-lightbox\" target=\"_self\"><div style=\"padding-top:calc((100% + 22px) * 0.8 - 11.5px);background-position:;\" class=\"fusion-masonry-element-container lazyload\" data-bg=\"https:\/\/grupoberna.info\/wp-content\/uploads\/2022\/12\/colonia-de-sant-jordi-mallorca2-grupo-berna.jpg\"><img decoding=\"async\" src=\"https:\/\/grupoberna.info\/wp-content\/uploads\/2022\/12\/colonia-de-sant-jordi-mallorca2-grupo-berna.jpg\" data-orig-src=\"https:\/\/grupoberna.info\/wp-content\/uploads\/2022\/12\/colonia-de-sant-jordi-mallorca2-grupo-berna.jpg\" width=\"1200\" height=\"800\" alt=\"\" title=\"colonia-de-sant-jordi-mallorca2-grupo-berna\" aria-label=\"colonia-de-sant-jordi-mallorca2-grupo-berna\" class=\"lazyload img-responsive wp-image-2404\" srcset=\"data:image\/svg+xml,%3Csvg%20xmlns%3D%27http%3A%2F%2Fwww.w3.org%2F2000%2Fsvg%27%20width%3D%271200%27%20height%3D%27800%27%20viewBox%3D%270%200%201200%20800%27%3E%3Crect%20width%3D%271200%27%20height%3D%27800%27%20fill-opacity%3D%220%22%2F%3E%3C%2Fsvg%3E\" data-srcset=\"https:\/\/grupoberna.info\/wp-content\/uploads\/2022\/12\/colonia-de-sant-jordi-mallorca2-grupo-berna-200x133.jpg 200w, https:\/\/grupoberna.info\/wp-content\/uploads\/2022\/12\/colonia-de-sant-jordi-mallorca2-grupo-berna-400x267.jpg 400w, https:\/\/grupoberna.info\/wp-content\/uploads\/2022\/12\/colonia-de-sant-jordi-mallorca2-grupo-berna-600x400.jpg 600w, https:\/\/grupoberna.info\/wp-content\/uploads\/2022\/12\/colonia-de-sant-jordi-mallorca2-grupo-berna-800x533.jpg 800w, https:\/\/grupoberna.info\/wp-content\/uploads\/2022\/12\/colonia-de-sant-jordi-mallorca2-grupo-berna.jpg 1200w\" data-sizes=\"auto\" data-orig-sizes=\"(min-width: 2200px) 100vw, (min-width: 784px) 426px, (min-width: 712px) 639px, (min-width: 640px) 712px, \" \/><\/div><\/a><\/div><\/div><div style=\"padding:11.5px;\" class=\"fusion-grid-column fusion-gallery-column fusion-gallery-column-3 hover-type-zoomin fusion-element-grid\"><div class=\"fusion-gallery-image\"><a href=\"https:\/\/grupoberna.info\/wp-content\/uploads\/2021\/08\/campos-es-trenc.png\" rel=\"noreferrer\" data-rel=\"iLightbox[gallery_image_1]\" class=\"fusion-lightbox\" target=\"_self\"><div style=\"padding-top:calc((100% + 22px) * 0.8 - 11.5px);background-position:;\" class=\"fusion-masonry-element-container lazyload\" data-bg=\"https:\/\/grupoberna.info\/wp-content\/uploads\/2021\/08\/campos-es-trenc.png\"><img decoding=\"async\" src=\"https:\/\/grupoberna.info\/wp-content\/uploads\/2021\/08\/campos-es-trenc.png\" data-orig-src=\"https:\/\/grupoberna.info\/wp-content\/uploads\/2021\/08\/campos-es-trenc.png\" width=\"822\" height=\"430\" alt=\"Playa es Carb\u00f3\" title=\"campos-es-trenc\" aria-label=\"campos-es-trenc\" class=\"lazyload img-responsive wp-image-2054\" srcset=\"data:image\/svg+xml,%3Csvg%20xmlns%3D%27http%3A%2F%2Fwww.w3.org%2F2000%2Fsvg%27%20width%3D%27822%27%20height%3D%27430%27%20viewBox%3D%270%200%20822%20430%27%3E%3Crect%20width%3D%27822%27%20height%3D%27430%27%20fill-opacity%3D%220%22%2F%3E%3C%2Fsvg%3E\" data-srcset=\"https:\/\/grupoberna.info\/wp-content\/uploads\/2021\/08\/campos-es-trenc-200x105.png 200w, https:\/\/grupoberna.info\/wp-content\/uploads\/2021\/08\/campos-es-trenc-400x209.png 400w, https:\/\/grupoberna.info\/wp-content\/uploads\/2021\/08\/campos-es-trenc-600x314.png 600w, https:\/\/grupoberna.info\/wp-content\/uploads\/2021\/08\/campos-es-trenc-800x418.png 800w, https:\/\/grupoberna.info\/wp-content\/uploads\/2021\/08\/campos-es-trenc.png 822w\" data-sizes=\"auto\" data-orig-sizes=\"(min-width: 2200px) 100vw, (min-width: 784px) 426px, (min-width: 712px) 639px, (min-width: 640px) 712px, \" \/><\/div><\/a><\/div><\/div><\/div><\/div><\/div><\/div><\/div><\/div><div class=\"fusion-fullwidth fullwidth-box fusion-builder-row-4 fusion-flex-container hundred-percent-fullwidth non-hundred-percent-height-scrolling\" style=\"--awb-border-radius-top-left:0px;--awb-border-radius-top-right:0px;--awb-border-radius-bottom-right:0px;--awb-border-radius-bottom-left:0px;--awb-padding-top:3vw;--awb-padding-bottom:5vw;\" ><div class=\"fusion-builder-row fusion-row fusion-flex-align-items-flex-start\" style=\"width:105% !important;max-width:105% !important;margin-left: calc(-5% \/ 2 );margin-right: calc(-5% \/ 2 );\"><div class=\"fusion-layout-column fusion_builder_column fusion-builder-column-4 fusion_builder_column_1_1 1_1 fusion-flex-column fusion-animated\" style=\"--awb-padding-top:2vw;--awb-padding-right:2vw;--awb-padding-bottom:2w;--awb-padding-left:2vw;--awb-padding-top-small:9vw;--awb-padding-right-small:4vw;--awb-padding-bottom-small:9vw;--awb-padding-left-small:4vw;--awb-overflow:hidden;--awb-bg-color:rgba(255,255,255,0);--awb-bg-size:cover;--awb-border-radius:6px 6px 6px 6px;--awb-width-large:100%;--awb-margin-top-large:0px;--awb-spacing-right-large:2.375%;--awb-margin-bottom-large:30px;--awb-spacing-left-large:2.375%;--awb-width-medium:40%;--awb-order-medium:0;--awb-spacing-right-medium:5.9375%;--awb-spacing-left-medium:5.9375%;--awb-width-small:100%;--awb-order-small:0;--awb-spacing-right-small:2.375%;--awb-margin-bottom-small:6vw;--awb-spacing-left-small:2.375%;\" data-animationType=\"fadeInUp\" data-animationDuration=\"1.0\" data-animationOffset=\"top-into-view\"><div class=\"fusion-column-wrapper fusion-column-has-shadow fusion-flex-justify-content-center fusion-content-layout-column\"><div class=\"fusion-title title fusion-title-4 fusion-sep-none fusion-title-center fusion-title-text fusion-title-size-two\" style=\"--awb-text-color:#016193;--awb-margin-bottom:30px;--awb-margin-top-small:9vw;--awb-font-size:60px;\"><h2 class=\"title-heading-center\" style=\"margin:0;font-size:1em;\"><p style=\"text-align: left;\">W\u00e4hlen Sie Ihren Urlaub in der N\u00e4he von Colonia de Sant Jordi<\/p><\/h2><\/div><\/div><\/div><div class=\"fusion-layout-column fusion_builder_column fusion-builder-column-5 fusion_builder_column_1_3 1_3 fusion-flex-column\" style=\"--awb-bg-size:cover;--awb-width-large:33.333333333333%;--awb-margin-top-large:0px;--awb-spacing-right-large:7.125%;--awb-margin-bottom-large:0px;--awb-spacing-left-large:7.125%;--awb-width-medium:33.333333333333%;--awb-order-medium:0;--awb-spacing-right-medium:7.125%;--awb-spacing-left-medium:7.125%;--awb-width-small:100%;--awb-order-small:0;--awb-spacing-right-small:2.375%;--awb-spacing-left-small:2.375%;\"><div class=\"fusion-column-wrapper fusion-column-has-shadow fusion-flex-justify-content-flex-start fusion-content-layout-column\"><div class=\"fusion-image-element \" style=\"--awb-max-width:100%;--awb-caption-title-size:var(--h2_typography-font-size);--awb-caption-title-transform:var(--h2_typography-text-transform);--awb-caption-title-line-height:var(--h2_typography-line-height);--awb-caption-title-letter-spacing:var(--h2_typography-letter-spacing);\"><span class=\" fusion-imageframe imageframe-none imageframe-2 hover-type-zoomin\" style=\"border-radius:3%;\"><img decoding=\"async\" width=\"1400\" height=\"933\" alt=\"Frente al mar\" title=\"E1018F8x1400\" src=\"https:\/\/grupoberna.info\/wp-content\/uploads\/2024\/09\/E1018F8x1400.jpg\" data-orig-src=\"https:\/\/grupoberna.info\/wp-content\/uploads\/2024\/09\/E1018F8x1400.jpg\" class=\"lazyload img-responsive wp-image-4835\" srcset=\"data:image\/svg+xml,%3Csvg%20xmlns%3D%27http%3A%2F%2Fwww.w3.org%2F2000%2Fsvg%27%20width%3D%271400%27%20height%3D%27933%27%20viewBox%3D%270%200%201400%20933%27%3E%3Crect%20width%3D%271400%27%20height%3D%27933%27%20fill-opacity%3D%220%22%2F%3E%3C%2Fsvg%3E\" data-srcset=\"https:\/\/grupoberna.info\/wp-content\/uploads\/2024\/09\/E1018F8x1400-200x133.jpg 200w, https:\/\/grupoberna.info\/wp-content\/uploads\/2024\/09\/E1018F8x1400-400x267.jpg 400w, https:\/\/grupoberna.info\/wp-content\/uploads\/2024\/09\/E1018F8x1400-600x400.jpg 600w, https:\/\/grupoberna.info\/wp-content\/uploads\/2024\/09\/E1018F8x1400-800x533.jpg 800w, https:\/\/grupoberna.info\/wp-content\/uploads\/2024\/09\/E1018F8x1400-1200x800.jpg 1200w, https:\/\/grupoberna.info\/wp-content\/uploads\/2024\/09\/E1018F8x1400.jpg 1400w\" data-sizes=\"auto\" data-orig-sizes=\"(max-width: 700px) 100vw, 400px\" \/><\/span><\/div><div class=\"fusion-title title fusion-title-5 fusion-sep-none fusion-title-text fusion-title-size-three\" style=\"--awb-text-color:#016193;--awb-font-size:40px;\"><h3 class=\"title-heading-left\" style=\"font-family:&quot;Cormorant Garamond&quot;;font-style:normal;font-weight:400;margin:0;font-size:1em;\">Apartamento Ses Baules<\/h3><\/div><div class=\"fusion-text fusion-text-3\" style=\"--awb-font-size:17px;--awb-line-height:30px;--awb-letter-spacing:0px;--awb-text-color:#464646;--awb-text-font-family:&quot;Noto Sans&quot;;--awb-text-font-style:normal;--awb-text-font-weight:400;\"><p style=\"text-align: left;\">2-Schlafzimmer-Wohnungen direkt am Meer in der N\u00e4he der Cala Galiota, der emblematischsten Ecke von Colonia de Sant Jordi.<\/p>\n<\/div><div ><a class=\"fusion-button button-flat fusion-button-default-size button-custom fusion-button-default button-1 fusion-button-default-span fusion-button-default-type btn-custom\" style=\"--button_accent_color:#ffffff;--button_border_color:#016193;--button_accent_hover_color:#016193;--button_border_hover_color:#016193;--button_gradient_top_color:#016193;--button_gradient_bottom_color:#016193;--button_gradient_top_color_hover:#ffffff;--button_gradient_bottom_color_hover:#ffffff;--button_margin-top:30px;\" target=\"_self\" href=\"https:\/\/grupoberna.info\/ses-baules-cala-galiota\/\"><span class=\"fusion-button-text\">mehr Info<\/span><\/a><\/div><\/div><\/div><div class=\"fusion-layout-column fusion_builder_column fusion-builder-column-6 fusion_builder_column_1_3 1_3 fusion-flex-column\" style=\"--awb-bg-size:cover;--awb-width-large:33.333333333333%;--awb-margin-top-large:0px;--awb-spacing-right-large:7.125%;--awb-margin-bottom-large:0px;--awb-spacing-left-large:7.125%;--awb-width-medium:33.333333333333%;--awb-order-medium:0;--awb-spacing-right-medium:7.125%;--awb-spacing-left-medium:7.125%;--awb-width-small:100%;--awb-order-small:0;--awb-spacing-right-small:2.375%;--awb-spacing-left-small:2.375%;\"><div class=\"fusion-column-wrapper fusion-column-has-shadow fusion-flex-justify-content-flex-start fusion-content-layout-column\"><div class=\"fusion-image-element \" style=\"--awb-max-width:100%;--awb-caption-title-size:var(--h2_typography-font-size);--awb-caption-title-transform:var(--h2_typography-text-transform);--awb-caption-title-line-height:var(--h2_typography-line-height);--awb-caption-title-letter-spacing:var(--h2_typography-letter-spacing);\"><span class=\" fusion-imageframe imageframe-none imageframe-3 hover-type-zoomin\" style=\"border-radius:3%;\"><img decoding=\"async\" width=\"1707\" height=\"2560\" alt=\"Balcon convistas al mar de apartamento Juliette en Colonia Sant Jordi\" title=\"Balcon vert. cafe\" src=\"https:\/\/grupoberna.info\/wp-content\/uploads\/2026\/01\/Balcon-vert.-cafe-scaled.jpeg\" data-orig-src=\"https:\/\/grupoberna.info\/wp-content\/uploads\/2026\/01\/Balcon-vert.-cafe-scaled.jpeg\" class=\"lazyload img-responsive wp-image-5851\" srcset=\"data:image\/svg+xml,%3Csvg%20xmlns%3D%27http%3A%2F%2Fwww.w3.org%2F2000%2Fsvg%27%20width%3D%271707%27%20height%3D%272560%27%20viewBox%3D%270%200%201707%202560%27%3E%3Crect%20width%3D%271707%27%20height%3D%272560%27%20fill-opacity%3D%220%22%2F%3E%3C%2Fsvg%3E\" data-srcset=\"https:\/\/grupoberna.info\/wp-content\/uploads\/2026\/01\/Balcon-vert.-cafe-200x300.jpeg 200w, https:\/\/grupoberna.info\/wp-content\/uploads\/2026\/01\/Balcon-vert.-cafe-400x600.jpeg 400w, https:\/\/grupoberna.info\/wp-content\/uploads\/2026\/01\/Balcon-vert.-cafe-600x900.jpeg 600w, https:\/\/grupoberna.info\/wp-content\/uploads\/2026\/01\/Balcon-vert.-cafe-800x1200.jpeg 800w, https:\/\/grupoberna.info\/wp-content\/uploads\/2026\/01\/Balcon-vert.-cafe-1200x1800.jpeg 1200w, https:\/\/grupoberna.info\/wp-content\/uploads\/2026\/01\/Balcon-vert.-cafe-scaled.jpeg 1707w\" data-sizes=\"auto\" data-orig-sizes=\"(max-width: 700px) 100vw, 400px\" \/><\/span><\/div><div class=\"fusion-title title fusion-title-6 fusion-sep-none fusion-title-text fusion-title-size-three\" style=\"--awb-text-color:#016193;--awb-font-size:40px;\"><h3 class=\"title-heading-left\" style=\"font-family:&quot;Cormorant Garamond&quot;;font-style:normal;font-weight:400;margin:0;font-size:1em;\">Apartamento Juliette<\/h3><\/div><div class=\"fusion-text fusion-text-4\" style=\"--awb-font-size:17px;--awb-line-height:30px;--awb-letter-spacing:0px;--awb-text-color:#464646;--awb-text-font-family:&quot;Noto Sans&quot;;--awb-text-font-style:normal;--awb-text-font-weight:400;\"><p style=\"text-align: left;\">2-Schlafzimmer-Wohnungen mit Balkon und Blick auf das Meer in einer ruhigen Gegend von Colonia de Sant Jordi.<\/p>\n<\/div><div ><a class=\"fusion-button button-flat fusion-button-default-size button-custom fusion-button-default button-2 fusion-button-default-span fusion-button-default-type btn-custom\" style=\"--button_accent_color:#ffffff;--button_border_color:#016193;--button_accent_hover_color:#016193;--button_border_hover_color:#016193;--button_gradient_top_color:#016193;--button_gradient_bottom_color:#016193;--button_gradient_top_color_hover:#ffffff;--button_gradient_bottom_color_hover:#ffffff;--button_margin-top:30px;\" target=\"_self\" href=\"https:\/\/grupoberna.info\/ses-baules-cala-galiota\/\"><span class=\"fusion-button-text\">mehr Info<\/span><\/a><\/div><\/div><\/div><div class=\"fusion-layout-column fusion_builder_column fusion-builder-column-7 fusion_builder_column_1_3 1_3 fusion-flex-column\" style=\"--awb-bg-size:cover;--awb-width-large:33.333333333333%;--awb-margin-top-large:0px;--awb-spacing-right-large:7.125%;--awb-margin-bottom-large:0px;--awb-spacing-left-large:7.125%;--awb-width-medium:33.333333333333%;--awb-order-medium:0;--awb-spacing-right-medium:7.125%;--awb-spacing-left-medium:7.125%;--awb-width-small:100%;--awb-order-small:0;--awb-spacing-right-small:2.375%;--awb-spacing-left-small:2.375%;\"><div class=\"fusion-column-wrapper fusion-column-has-shadow fusion-flex-justify-content-flex-start fusion-content-layout-column\"><div class=\"fusion-image-element \" style=\"--awb-caption-title-size:var(--h2_typography-font-size);--awb-caption-title-transform:var(--h2_typography-text-transform);--awb-caption-title-line-height:var(--h2_typography-line-height);--awb-caption-title-letter-spacing:var(--h2_typography-letter-spacing);\"><span class=\" fusion-imageframe imageframe-none imageframe-4 hover-type-zoomin\" style=\"border-radius:3%;\"><img decoding=\"async\" width=\"1024\" height=\"679\" title=\"90101366\" src=\"https:\/\/grupoberna.info\/wp-content\/uploads\/2025\/06\/90101366.jpg\" data-orig-src=\"https:\/\/grupoberna.info\/wp-content\/uploads\/2025\/06\/90101366.jpg\" alt class=\"lazyload img-responsive wp-image-5305\" srcset=\"data:image\/svg+xml,%3Csvg%20xmlns%3D%27http%3A%2F%2Fwww.w3.org%2F2000%2Fsvg%27%20width%3D%271024%27%20height%3D%27679%27%20viewBox%3D%270%200%201024%20679%27%3E%3Crect%20width%3D%271024%27%20height%3D%27679%27%20fill-opacity%3D%220%22%2F%3E%3C%2Fsvg%3E\" data-srcset=\"https:\/\/grupoberna.info\/wp-content\/uploads\/2025\/06\/90101366-200x133.jpg 200w, https:\/\/grupoberna.info\/wp-content\/uploads\/2025\/06\/90101366-400x265.jpg 400w, https:\/\/grupoberna.info\/wp-content\/uploads\/2025\/06\/90101366-600x398.jpg 600w, https:\/\/grupoberna.info\/wp-content\/uploads\/2025\/06\/90101366-800x530.jpg 800w, https:\/\/grupoberna.info\/wp-content\/uploads\/2025\/06\/90101366.jpg 1024w\" data-sizes=\"auto\" data-orig-sizes=\"(max-width: 700px) 100vw, 400px\" \/><\/span><\/div><div class=\"fusion-title title fusion-title-7 fusion-sep-none fusion-title-text fusion-title-size-three\" style=\"--awb-text-color:#016193;--awb-font-size:40px;\"><h3 class=\"title-heading-left\" style=\"font-family:&quot;Cormorant Garamond&quot;;font-style:normal;font-weight:400;margin:0;font-size:1em;\">Ferienhaus Son Homs<\/h3><\/div><div class=\"fusion-text fusion-text-5\" style=\"--awb-font-size:17px;--awb-line-height:30px;--awb-letter-spacing:0px;--awb-text-color:#464646;--awb-text-font-family:&quot;Noto Sans&quot;;--awb-text-font-style:normal;--awb-text-font-weight:400;\"><p>Doppelhaush\u00e4lfte mit 4 Schlafzimmern (2 Doppel- und 2 Einzelzimmer) auf zwei Etagen, nur 100 Meter vom Meer entfernt, in einer sehr ruhigen Gegend.<br \/>\nGrill und Esszimmer im Freien f\u00fcr sommerliche Mahlzeiten.<\/p>\n<\/div><div ><a class=\"fusion-button button-flat fusion-button-default-size button-custom fusion-button-default button-3 fusion-button-default-span fusion-button-default-type btn-custom\" style=\"--button_accent_color:#ffffff;--button_border_color:#016193;--button_accent_hover_color:#016193;--button_border_hover_color:#016193;--button_gradient_top_color:#016193;--button_gradient_bottom_color:#016193;--button_gradient_top_color_hover:#ffffff;--button_gradient_bottom_color_hover:#ffffff;--button_margin-top:30px;\" target=\"_self\" href=\"https:\/\/grupoberna.info\/son-homs-colonia-sant-jordi-mallorca\/\"><span class=\"fusion-button-text\">mehr Info<\/span><\/a><\/div><\/div><\/div><div class=\"fusion-layout-column fusion_builder_column fusion-builder-column-8 fusion_builder_column_1_3 1_3 fusion-flex-column\" style=\"--awb-bg-size:cover;--awb-width-large:33.333333333333%;--awb-margin-top-large:0px;--awb-spacing-right-large:7.125%;--awb-margin-bottom-large:0px;--awb-spacing-left-large:7.125%;--awb-width-medium:33.333333333333%;--awb-order-medium:0;--awb-spacing-right-medium:7.125%;--awb-spacing-left-medium:7.125%;--awb-width-small:100%;--awb-order-small:0;--awb-spacing-right-small:2.375%;--awb-spacing-left-small:2.375%;\"><div class=\"fusion-column-wrapper fusion-column-has-shadow fusion-flex-justify-content-flex-start fusion-content-layout-column\"><div class=\"fusion-image-element \" style=\"--awb-caption-title-size:var(--h2_typography-font-size);--awb-caption-title-transform:var(--h2_typography-text-transform);--awb-caption-title-line-height:var(--h2_typography-line-height);--awb-caption-title-letter-spacing:var(--h2_typography-letter-spacing);\"><span class=\" fusion-imageframe imageframe-none imageframe-5 hover-type-zoomin\" style=\"border-radius:3%;\"><img decoding=\"async\" width=\"2560\" height=\"1920\" title=\"IMG_4211\" src=\"https:\/\/grupoberna.info\/wp-content\/uploads\/2024\/05\/IMG_4211-scaled.jpg\" data-orig-src=\"https:\/\/grupoberna.info\/wp-content\/uploads\/2024\/05\/IMG_4211-scaled.jpg\" alt class=\"lazyload img-responsive wp-image-4811\" srcset=\"data:image\/svg+xml,%3Csvg%20xmlns%3D%27http%3A%2F%2Fwww.w3.org%2F2000%2Fsvg%27%20width%3D%272560%27%20height%3D%271920%27%20viewBox%3D%270%200%202560%201920%27%3E%3Crect%20width%3D%272560%27%20height%3D%271920%27%20fill-opacity%3D%220%22%2F%3E%3C%2Fsvg%3E\" data-srcset=\"https:\/\/grupoberna.info\/wp-content\/uploads\/2024\/05\/IMG_4211-200x150.jpg 200w, https:\/\/grupoberna.info\/wp-content\/uploads\/2024\/05\/IMG_4211-400x300.jpg 400w, https:\/\/grupoberna.info\/wp-content\/uploads\/2024\/05\/IMG_4211-600x450.jpg 600w, https:\/\/grupoberna.info\/wp-content\/uploads\/2024\/05\/IMG_4211-800x600.jpg 800w, https:\/\/grupoberna.info\/wp-content\/uploads\/2024\/05\/IMG_4211-1200x900.jpg 1200w, https:\/\/grupoberna.info\/wp-content\/uploads\/2024\/05\/IMG_4211-scaled.jpg 2560w\" data-sizes=\"auto\" data-orig-sizes=\"(max-width: 700px) 100vw, 400px\" \/><\/span><\/div><div class=\"fusion-title title fusion-title-8 fusion-sep-none fusion-title-text fusion-title-size-three\" style=\"--awb-text-color:#016193;--awb-font-size:40px;\"><h3 class=\"title-heading-left\" style=\"font-family:&quot;Cormorant Garamond&quot;;font-style:normal;font-weight:400;margin:0;font-size:1em;\">Ferienhaus Sasera<\/h3><\/div><div class=\"fusion-text fusion-text-6\" style=\"--awb-font-size:17px;--awb-line-height:30px;--awb-letter-spacing:0px;--awb-text-color:#464646;--awb-text-font-family:&quot;Noto Sans&quot;;--awb-text-font-style:normal;--awb-text-font-weight:400;\"><p>Renovierte Wohnung mit 3 Schlafzimmern in Colonia de Sant Jordi in der N\u00e4he des Hafens.<\/p>\n<\/div><div ><a class=\"fusion-button button-flat fusion-button-default-size button-custom fusion-button-default button-4 fusion-button-default-span fusion-button-default-type btn-custom\" style=\"--button_accent_color:#ffffff;--button_border_color:#016193;--button_accent_hover_color:#016193;--button_border_hover_color:#016193;--button_gradient_top_color:#016193;--button_gradient_bottom_color:#016193;--button_gradient_top_color_hover:#ffffff;--button_gradient_bottom_color_hover:#ffffff;--button_margin-top:30px;\" target=\"_self\" href=\"https:\/\/grupoberna.info\/casa-sasera\/\"><span class=\"fusion-button-text\">mehr Information<\/span><\/a><\/div><\/div><\/div><div class=\"fusion-layout-column fusion_builder_column fusion-builder-column-9 fusion_builder_column_1_3 1_3 fusion-flex-column\" style=\"--awb-bg-size:cover;--awb-width-large:33.333333333333%;--awb-margin-top-large:0px;--awb-spacing-right-large:7.125%;--awb-margin-bottom-large:0px;--awb-spacing-left-large:7.125%;--awb-width-medium:33.333333333333%;--awb-order-medium:0;--awb-spacing-right-medium:7.125%;--awb-spacing-left-medium:7.125%;--awb-width-small:100%;--awb-order-small:0;--awb-spacing-right-small:2.375%;--awb-spacing-left-small:2.375%;\"><div class=\"fusion-column-wrapper fusion-column-has-shadow fusion-flex-justify-content-flex-start fusion-content-layout-column\"><div class=\"fusion-image-element \" style=\"--awb-caption-title-size:var(--h2_typography-font-size);--awb-caption-title-transform:var(--h2_typography-text-transform);--awb-caption-title-line-height:var(--h2_typography-line-height);--awb-caption-title-letter-spacing:var(--h2_typography-letter-spacing);\"><span class=\" fusion-imageframe imageframe-none imageframe-6 hover-type-zoomin\" style=\"border-radius:3%;\"><img decoding=\"async\" width=\"1300\" height=\"800\" title=\"ac_59A8088 copia\" src=\"https:\/\/grupoberna.info\/wp-content\/uploads\/2023\/04\/ac_59A8088-copia.png\" data-orig-src=\"https:\/\/grupoberna.info\/wp-content\/uploads\/2023\/04\/ac_59A8088-copia.png\" alt class=\"lazyload img-responsive wp-image-3492\" srcset=\"data:image\/svg+xml,%3Csvg%20xmlns%3D%27http%3A%2F%2Fwww.w3.org%2F2000%2Fsvg%27%20width%3D%271300%27%20height%3D%27800%27%20viewBox%3D%270%200%201300%20800%27%3E%3Crect%20width%3D%271300%27%20height%3D%27800%27%20fill-opacity%3D%220%22%2F%3E%3C%2Fsvg%3E\" data-srcset=\"https:\/\/grupoberna.info\/wp-content\/uploads\/2023\/04\/ac_59A8088-copia-200x123.png 200w, https:\/\/grupoberna.info\/wp-content\/uploads\/2023\/04\/ac_59A8088-copia-400x246.png 400w, https:\/\/grupoberna.info\/wp-content\/uploads\/2023\/04\/ac_59A8088-copia-600x369.png 600w, https:\/\/grupoberna.info\/wp-content\/uploads\/2023\/04\/ac_59A8088-copia-800x492.png 800w, https:\/\/grupoberna.info\/wp-content\/uploads\/2023\/04\/ac_59A8088-copia-1200x738.png 1200w, https:\/\/grupoberna.info\/wp-content\/uploads\/2023\/04\/ac_59A8088-copia.png 1300w\" data-sizes=\"auto\" data-orig-sizes=\"(max-width: 700px) 100vw, 400px\" \/><\/span><\/div><div class=\"fusion-title title fusion-title-9 fusion-sep-none fusion-title-text fusion-title-size-three\" style=\"--awb-text-color:#016193;--awb-font-size:40px;\"><h3 class=\"title-heading-left\" style=\"font-family:&quot;Cormorant Garamond&quot;;font-style:normal;font-weight:400;margin:0;font-size:1em;\">Wohnung Llotja 7<\/h3><\/div><div class=\"fusion-text fusion-text-7\" style=\"--awb-font-size:17px;--awb-line-height:30px;--awb-letter-spacing:0px;--awb-text-color:#464646;--awb-text-font-family:&quot;Noto Sans&quot;;--awb-text-font-style:normal;--awb-text-font-weight:400;\"><p>Wohnung mit 3 Schlafzimmern, gelegen in einer privilegierten Gegend vor dem Fischerhafen von Colonia de Sant Jordi, mit Terrasse und ausgezeichnetem Blick auf Cabrera.<\/p>\n<\/div><div ><a class=\"fusion-button button-flat fusion-button-default-size button-custom fusion-button-default button-5 fusion-button-default-span fusion-button-default-type btn-custom\" style=\"--button_accent_color:#ffffff;--button_border_color:#016193;--button_accent_hover_color:#016193;--button_border_hover_color:#016193;--button_gradient_top_color:#016193;--button_gradient_bottom_color:#016193;--button_gradient_top_color_hover:#ffffff;--button_gradient_bottom_color_hover:#ffffff;--button_margin-top:30px;\" target=\"_self\" href=\"https:\/\/grupoberna.info\/llotja-7\/\"><span class=\"fusion-button-text\">mehr Information<\/span><\/a><\/div><\/div><\/div><div class=\"fusion-layout-column fusion_builder_column fusion-builder-column-10 fusion_builder_column_1_3 1_3 fusion-flex-column\" style=\"--awb-bg-size:cover;--awb-width-large:33.333333333333%;--awb-margin-top-large:0px;--awb-spacing-right-large:7.125%;--awb-margin-bottom-large:0px;--awb-spacing-left-large:7.125%;--awb-width-medium:33.333333333333%;--awb-order-medium:0;--awb-spacing-right-medium:7.125%;--awb-spacing-left-medium:7.125%;--awb-width-small:100%;--awb-order-small:0;--awb-spacing-right-small:2.375%;--awb-spacing-left-small:2.375%;\"><div class=\"fusion-column-wrapper fusion-column-has-shadow fusion-flex-justify-content-flex-start fusion-content-layout-column\"><div class=\"fusion-image-element \" style=\"--awb-caption-title-size:var(--h2_typography-font-size);--awb-caption-title-transform:var(--h2_typography-text-transform);--awb-caption-title-line-height:var(--h2_typography-line-height);--awb-caption-title-letter-spacing:var(--h2_typography-letter-spacing);\"><span class=\" fusion-imageframe imageframe-none imageframe-7 hover-type-zoomin\" style=\"border-radius:3%;\"><img decoding=\"async\" width=\"2000\" height=\"1269\" alt=\"Fachada apartamentos es Dol\u00e7\" title=\"sin ti\u0301tulo_59A6853-Editar\" src=\"https:\/\/grupoberna.info\/wp-content\/uploads\/2024\/02\/sin-titulo_59A6853-Editar.jpg\" data-orig-src=\"https:\/\/grupoberna.info\/wp-content\/uploads\/2024\/02\/sin-titulo_59A6853-Editar.jpg\" class=\"lazyload img-responsive wp-image-4400\" srcset=\"data:image\/svg+xml,%3Csvg%20xmlns%3D%27http%3A%2F%2Fwww.w3.org%2F2000%2Fsvg%27%20width%3D%272000%27%20height%3D%271269%27%20viewBox%3D%270%200%202000%201269%27%3E%3Crect%20width%3D%272000%27%20height%3D%271269%27%20fill-opacity%3D%220%22%2F%3E%3C%2Fsvg%3E\" data-srcset=\"https:\/\/grupoberna.info\/wp-content\/uploads\/2024\/02\/sin-titulo_59A6853-Editar-200x127.jpg 200w, https:\/\/grupoberna.info\/wp-content\/uploads\/2024\/02\/sin-titulo_59A6853-Editar-400x254.jpg 400w, https:\/\/grupoberna.info\/wp-content\/uploads\/2024\/02\/sin-titulo_59A6853-Editar-600x381.jpg 600w, https:\/\/grupoberna.info\/wp-content\/uploads\/2024\/02\/sin-titulo_59A6853-Editar-800x508.jpg 800w, https:\/\/grupoberna.info\/wp-content\/uploads\/2024\/02\/sin-titulo_59A6853-Editar-1200x761.jpg 1200w, https:\/\/grupoberna.info\/wp-content\/uploads\/2024\/02\/sin-titulo_59A6853-Editar.jpg 2000w\" data-sizes=\"auto\" data-orig-sizes=\"(max-width: 700px) 100vw, 400px\" \/><\/span><\/div><div class=\"fusion-title title fusion-title-10 fusion-sep-none fusion-title-text fusion-title-size-three\" style=\"--awb-text-color:#016193;--awb-font-size:40px;\"><h3 class=\"title-heading-left\" style=\"font-family:&quot;Cormorant Garamond&quot;;font-style:normal;font-weight:400;margin:0;font-size:1em;\">Es Dol\u00e7 Wohnungen<\/h3><\/div><div class=\"fusion-text fusion-text-8\" style=\"--awb-font-size:17px;--awb-line-height:30px;--awb-letter-spacing:0px;--awb-text-color:#464646;--awb-text-font-family:&quot;Noto Sans&quot;;--awb-text-font-style:normal;--awb-text-font-weight:400;\"><p>Geb\u00e4ude mit 10 Wohnungen mit 1 Schlafzimmer, K\u00fcche, Balkon, WIFI, 1 kostenloser Parkplatz pro Wohnung. In unmittelbarer N\u00e4he der Fu\u00dfg\u00e4ngerzone des Hafens und des Strandes gelegen.<\/p>\n<\/div><div ><a class=\"fusion-button button-flat fusion-button-default-size button-custom fusion-button-default button-6 fusion-button-default-span fusion-button-default-type btn-custom\" style=\"--button_accent_color:#ffffff;--button_border_color:#016193;--button_accent_hover_color:#016193;--button_border_hover_color:#016193;--button_gradient_top_color:#016193;--button_gradient_bottom_color:#016193;--button_gradient_top_color_hover:#ffffff;--button_gradient_bottom_color_hover:#ffffff;--button_margin-top:30px;\" target=\"_self\" href=\"https:\/\/grupoberna.info\/apartamentos-es-dolc\/\"><span class=\"fusion-button-text\">mehr Info<\/span><\/a><\/div><\/div><\/div><div class=\"fusion-layout-column fusion_builder_column fusion-builder-column-11 fusion_builder_column_1_3 1_3 fusion-flex-column\" style=\"--awb-bg-size:cover;--awb-width-large:33.333333333333%;--awb-margin-top-large:0px;--awb-spacing-right-large:7.125%;--awb-margin-bottom-large:0px;--awb-spacing-left-large:7.125%;--awb-width-medium:33.333333333333%;--awb-order-medium:0;--awb-spacing-right-medium:7.125%;--awb-spacing-left-medium:7.125%;--awb-width-small:100%;--awb-order-small:0;--awb-spacing-right-small:2.375%;--awb-spacing-left-small:2.375%;\"><div class=\"fusion-column-wrapper fusion-column-has-shadow fusion-flex-justify-content-flex-start fusion-content-layout-column\"><div class=\"fusion-image-element \" style=\"--awb-caption-title-size:var(--h2_typography-font-size);--awb-caption-title-transform:var(--h2_typography-text-transform);--awb-caption-title-line-height:var(--h2_typography-line-height);--awb-caption-title-letter-spacing:var(--h2_typography-letter-spacing);\"><span class=\" fusion-imageframe imageframe-none imageframe-8 hover-type-zoomin\" style=\"border-radius:3%;\"><img decoding=\"async\" width=\"1200\" height=\"900\" title=\"pisocoloniadesantjordi-callesol-terraza3\" src=\"https:\/\/grupoberna.info\/wp-content\/uploads\/2023\/03\/pisocoloniadesantjordi-callesol-terraza3.jpg\" data-orig-src=\"https:\/\/grupoberna.info\/wp-content\/uploads\/2023\/03\/pisocoloniadesantjordi-callesol-terraza3.jpg\" alt class=\"lazyload img-responsive wp-image-3332\" srcset=\"data:image\/svg+xml,%3Csvg%20xmlns%3D%27http%3A%2F%2Fwww.w3.org%2F2000%2Fsvg%27%20width%3D%271200%27%20height%3D%27900%27%20viewBox%3D%270%200%201200%20900%27%3E%3Crect%20width%3D%271200%27%20height%3D%27900%27%20fill-opacity%3D%220%22%2F%3E%3C%2Fsvg%3E\" data-srcset=\"https:\/\/grupoberna.info\/wp-content\/uploads\/2023\/03\/pisocoloniadesantjordi-callesol-terraza3-200x150.jpg 200w, https:\/\/grupoberna.info\/wp-content\/uploads\/2023\/03\/pisocoloniadesantjordi-callesol-terraza3-400x300.jpg 400w, https:\/\/grupoberna.info\/wp-content\/uploads\/2023\/03\/pisocoloniadesantjordi-callesol-terraza3-600x450.jpg 600w, https:\/\/grupoberna.info\/wp-content\/uploads\/2023\/03\/pisocoloniadesantjordi-callesol-terraza3-800x600.jpg 800w, https:\/\/grupoberna.info\/wp-content\/uploads\/2023\/03\/pisocoloniadesantjordi-callesol-terraza3.jpg 1200w\" data-sizes=\"auto\" data-orig-sizes=\"(max-width: 700px) 100vw, 400px\" \/><\/span><\/div><div class=\"fusion-title title fusion-title-11 fusion-sep-none fusion-title-text fusion-title-size-three\" style=\"--awb-text-color:#016193;--awb-font-size:40px;\"><h3 class=\"title-heading-left\" style=\"font-family:&quot;Cormorant Garamond&quot;;font-style:normal;font-weight:400;margin:0;font-size:1em;\">Geh\u00e4use Sol 28<\/h3><\/div><div class=\"fusion-text fusion-text-9\" style=\"--awb-font-size:17px;--awb-line-height:30px;--awb-letter-spacing:0px;--awb-text-color:#464646;--awb-text-font-family:&quot;Noto Sans&quot;;--awb-text-font-style:normal;--awb-text-font-weight:400;\"><div class=\"fusion-fullwidth fullwidth-box fusion-builder-row-4 fusion-flex-container has-pattern-background has-mask-background nonhundred-percent-fullwidth non-hundred-percent-height-scrolling fusion-animated\" data-animationtype=\"fadeInUp\" data-animationduration=\"1.2\" data-animationoffset=\"top-into-view\">\n<div class=\"fusion-builder-row fusion-row fusion-flex-align-items-flex-start\">\n<div class=\"fusion-layout-column fusion_builder_column fusion-builder-column-6 fusion_builder_column_1_1 1_1 fusion-flex-column\">\n<div class=\"fusion-column-wrapper fusion-column-has-shadow fusion-flex-justify-content-flex-start fusion-content-layout-column\">\n<div class=\"fusion-text fusion-text-2\">\n<p>Wohnung mit 3 Doppelschlafzimmern und 2 B\u00e4dern, 100 m vom Strand von Cala Galiota entfernt. Zentral gelegene Eckwohnung im ersten Stock mit gro\u00dfer Terrasse.<\/p>\n<\/div>\n<\/div>\n<\/div>\n<\/div>\n<\/div>\n<div class=\"fusion-fullwidth fullwidth-box fusion-builder-row-5 fusion-flex-container has-pattern-background has-mask-background hundred-percent-fullwidth non-hundred-percent-height-scrolling\">\n<div class=\"fusion-builder-row fusion-row fusion-flex-align-items-stretch\">\n<div class=\"fusion-layout-column fusion_builder_column fusion-builder-column-7 fusion_builder_column_2_5 2_5 fusion-flex-column\">\n<div class=\"fusion-column-wrapper fusion-column-has-shadow fusion-flex-justify-content-flex-start fusion-content-layout-column fusion-empty-column-bg-image lazyloaded\" data-bg-url=\"https:\/\/grupoberna.info\/wp-content\/uploads\/2023\/03\/cocina.jpg\" data-bg=\"https:\/\/grupoberna.info\/wp-content\/uploads\/2023\/03\/cocina.jpg\"><\/div>\n<\/div>\n<div class=\"fusion-layout-column fusion_builder_column fusion-builder-column-8 fusion_builder_column_3_5 3_5 fusion-flex-column\">\n<div class=\"fusion-column-wrapper fusion-column-has-shadow fusion-flex-justify-content-flex-start fusion-content-layout-column\">\n<div class=\"fusion-title title fusion-title-2 fusion-sep-none fusion-title-text fusion-title-size-two\"><\/div>\n<\/div>\n<\/div>\n<\/div>\n<\/div>\n<\/div><div ><a class=\"fusion-button button-flat fusion-button-default-size button-custom fusion-button-default button-7 fusion-button-default-span fusion-button-default-type btn-custom\" style=\"--button_accent_color:#ffffff;--button_border_color:#016193;--button_accent_hover_color:#016193;--button_border_hover_color:#016193;--button_gradient_top_color:#016193;--button_gradient_bottom_color:#016193;--button_gradient_top_color_hover:#ffffff;--button_gradient_bottom_color_hover:#ffffff;--button_margin-top:30px;\" target=\"_self\" href=\"https:\/\/grupoberna.info\/soll-28\/\"><span class=\"fusion-button-text\">mehr Info<\/span><\/a><\/div><\/div><\/div><\/div><\/div><div class=\"fusion-fullwidth fullwidth-box fusion-builder-row-5 fusion-flex-container fusion-parallax-fixed nonhundred-percent-fullwidth non-hundred-percent-height-scrolling lazyload\" style=\"--awb-background-position:center top;--awb-background-blend-mode:luminosity;--awb-border-radius-top-left:0px;--awb-border-radius-top-right:0px;--awb-border-radius-bottom-right:0px;--awb-border-radius-bottom-left:0px;--awb-padding-top:8vw;--awb-padding-bottom:8vw;--awb-padding-top-small:12vw;--awb-padding-bottom-small:12vw;--awb-margin-bottom:0px;--awb-background-image:linear-gradient(90deg, rgba(0,46,46,0.8) 0%,rgba(255,255,255,0) 78%);;--awb-background-size:cover;background-attachment:fixed;\" data-bg=\"https:\/\/grupoberna.info\/wp-content\/uploads\/2021\/08\/es-trenc-grupo-berna.jpg\" data-bg-gradient=\"linear-gradient(90deg, rgba(0,46,46,0.8) 0%,rgba(255,255,255,0) 78%)\" ><div class=\"fusion-builder-row fusion-row fusion-flex-align-items-center\" style=\"max-width:1365px;margin-left: calc(-5% \/ 2 );margin-right: calc(-5% \/ 2 );\"><div class=\"fusion-layout-column fusion_builder_column fusion-builder-column-12 fusion_builder_column_2_3 2_3 fusion-flex-column fusion-animated\" style=\"--awb-bg-size:cover;--awb-width-large:66.666666666667%;--awb-margin-top-large:0px;--awb-spacing-right-large:3.5625%;--awb-margin-bottom-large:0px;--awb-spacing-left-large:3.5625%;--awb-width-medium:66.666666666667%;--awb-spacing-right-medium:3.5625%;--awb-spacing-left-medium:3.5625%;--awb-width-small:100%;--awb-spacing-right-small:2.375%;--awb-spacing-left-small:2.375%;\" data-animationType=\"fadeInLeft\" data-animationDuration=\"1.0\" data-animationOffset=\"top-into-view\"><div class=\"fusion-column-wrapper fusion-column-has-shadow fusion-flex-justify-content-center fusion-content-layout-column\"><div class=\"fusion-title title fusion-title-12 fusion-no-small-visibility fusion-no-medium-visibility fusion-sep-none fusion-title-text fusion-title-size-two\" style=\"--awb-text-color:#ffffff;--awb-margin-bottom:1.5vw;--awb-margin-bottom-small:40px;--awb-font-size:62px;\"><h2 class=\"title-heading-left\" style=\"margin:0;font-size:1em;line-height:1.2;\">\u201cDer Strand von Es Trenc, eine Perle im Mittelmeer\u201d<\/h2><\/div><div class=\"fusion-title title fusion-title-13 fusion-no-large-visibility fusion-sep-none fusion-title-text fusion-title-size-two\" style=\"--awb-text-color:#ffffff;--awb-margin-bottom:1.5vw;--awb-margin-bottom-small:40px;--awb-font-size:42px;\"><h2 class=\"title-heading-left\" style=\"margin:0;font-size:1em;line-height:1.2;\">\u201cDer Strand von Es Trenc, eine Perle im Mittelmeer\u201d<\/h2><\/div><div class=\"fusion-text fusion-text-10 fusion-no-small-visibility fusion-no-medium-visibility\" style=\"--awb-font-size:21px;--awb-text-color:#ffffff;\"><p style=\"width: 75%;\">Bestpreis-Garantie. Buchen Sie Ihren Urlaub bei uns.<\/p>\n<\/div><div ><a class=\"fusion-button button-flat fusion-button-default-size button-custom fusion-button-default button-8 fusion-button-default-span fusion-button-default-type btn-custom\" style=\"--button_accent_color:#ffffff;--button_border_color:#016193;--button_accent_hover_color:#016193;--button_border_hover_color:#016193;--button_gradient_top_color:#016193;--button_gradient_bottom_color:#016193;--button_gradient_top_color_hover:#ffffff;--button_gradient_bottom_color_hover:#ffffff;--button_margin-top:30px;\" target=\"_self\" href=\"https:\/\/grupoberna.info\/contact\/\"><span class=\"fusion-button-text\">Kontakt<\/span><\/a><\/div><\/div><\/div><\/div><\/div><div class=\"fusion-fullwidth fullwidth-box fusion-builder-row-6 fusion-flex-container nonhundred-percent-fullwidth non-hundred-percent-height-scrolling\" style=\"--awb-border-radius-top-left:0px;--awb-border-radius-top-right:0px;--awb-border-radius-bottom-right:0px;--awb-border-radius-bottom-left:0px;--awb-padding-top:3vw;--awb-padding-bottom:7vw;--awb-background-color:#f5f8f8;\" ><div class=\"fusion-builder-row fusion-row fusion-flex-align-items-stretch\" style=\"max-width:calc( 1300px + 2.5vw );margin-left: calc(-2.5vw \/ 2 );margin-right: calc(-2.5vw \/ 2 );\"><div class=\"fusion-layout-column fusion_builder_column fusion-builder-column-13 fusion_builder_column_1_1 1_1 fusion-flex-column fusion-animated\" style=\"--awb-padding-top:2vw;--awb-padding-right:2vw;--awb-padding-bottom:2w;--awb-padding-left:2vw;--awb-padding-top-small:9vw;--awb-padding-right-small:4vw;--awb-padding-bottom-small:9vw;--awb-padding-left-small:4vw;--awb-overflow:hidden;--awb-bg-color:rgba(255,255,255,0);--awb-bg-size:cover;--awb-border-radius:6px 6px 6px 6px;--awb-width-large:100%;--awb-margin-top-large:30px;--awb-spacing-right-large:1.25vw;--awb-margin-bottom-large:30px;--awb-spacing-left-large:1.25vw;--awb-width-medium:40%;--awb-order-medium:0;--awb-spacing-right-medium:1.25vw;--awb-spacing-left-medium:1.25vw;--awb-width-small:100%;--awb-order-small:0;--awb-spacing-right-small:1.25vw;--awb-margin-bottom-small:6vw;--awb-spacing-left-small:1.25vw;\" data-animationType=\"fadeInUp\" data-animationDuration=\"1.0\" data-animationOffset=\"top-into-view\"><div class=\"fusion-column-wrapper fusion-column-has-shadow fusion-flex-justify-content-center fusion-content-layout-column\"><div class=\"fusion-title title fusion-title-14 fusion-sep-none fusion-title-center fusion-title-text fusion-title-size-two\" style=\"--awb-text-color:#016193;--awb-margin-bottom:30px;--awb-margin-top-small:9vw;--awb-font-size:60px;\"><h2 class=\"title-heading-center\" style=\"margin:0;font-size:1em;\"><p style=\"text-align: center;\">Andere Reiseziele<\/p><\/h2><\/div><\/div><\/div><div class=\"fusion-layout-column fusion_builder_column fusion-builder-column-14 fusion_builder_column_1_2 1_2 fusion-flex-column fusion-animated\" style=\"--awb-padding-top:4vw;--awb-padding-right:2vw;--awb-padding-bottom:4vw;--awb-padding-left:2vw;--awb-padding-top-small:9vw;--awb-padding-right-small:4vw;--awb-padding-bottom-small:9vw;--awb-padding-left-small:4vw;--awb-overflow:hidden;--awb-bg-color:#a66d3f;--awb-bg-image:linear-gradient(180deg, rgba(0,0,0,0.52) 8%,rgba(255,255,255,0) 100%);;--awb-bg-size:cover;--awb-border-radius:6px 6px 6px 6px;--awb-width-large:50%;--awb-margin-top-large:0px;--awb-spacing-right-large:1.25vw;--awb-margin-bottom-large:0px;--awb-spacing-left-large:1.25vw;--awb-width-medium:40%;--awb-order-medium:0;--awb-spacing-right-medium:1.25vw;--awb-spacing-left-medium:1.25vw;--awb-width-small:100%;--awb-order-small:0;--awb-spacing-right-small:1.25vw;--awb-margin-bottom-small:6vw;--awb-spacing-left-small:1.25vw;\" data-animationType=\"fadeInUp\" data-animationDuration=\"1.0\" data-animationOffset=\"top-into-view\"><div class=\"fusion-column-wrapper lazyload fusion-column-has-shadow fusion-flex-justify-content-center fusion-content-layout-column\" data-bg-url=\"https:\/\/grupoberna.info\/wp-content\/uploads\/2021\/08\/puerto_colonia.png\" data-bg=\"https:\/\/grupoberna.info\/wp-content\/uploads\/2021\/08\/puerto_colonia.png\" data-bg-gradient=\"linear-gradient(180deg, rgba(0,0,0,0.52) 8%,rgba(255,255,255,0) 100%)\"><div class=\"fusion-title title fusion-title-15 fusion-sep-none fusion-title-center fusion-title-text fusion-title-size-two\" style=\"--awb-text-color:#ffffff;--awb-font-size:32px;\"><h2 class=\"title-heading-center\" style=\"margin:0;font-size:1em;\">Colonia de Sant Jordi<\/h2><\/div><div class=\"fusion-text fusion-text-11\" style=\"--awb-content-alignment:center;--awb-font-size:17px;--awb-line-height:1.9;--awb-text-color:#ffffff;\"><p>Einer der sch\u00f6nsten Orte auf der Insel Mallorca<\/p>\n<\/div><div style=\"text-align:center;\"><a class=\"fusion-button button-flat fusion-button-default-size button-custom fusion-button-default button-9 fusion-button-default-span fusion-button-default-type fusion-has-button-gradient\" style=\"--button_accent_color:#ffffff;--button_accent_hover_color:#016193;--button_border_hover_color:#ffffff;--button_border_width-top:1px;--button_border_width-right:1px;--button_border_width-bottom:1px;--button_border_width-left:1px;--button_gradient_top_color:rgba(1,97,147,0.56);--button_gradient_bottom_color:rgba(255,255,255,0);--button_gradient_top_color_hover:#ffffff;--button_gradient_bottom_color_hover:#ffffff;--button_margin-top:20px;\" target=\"_self\" href=\"https:\/\/grupoberna.info\/colonia-de-sant-jordi\/\"><span class=\"fusion-button-text\">sehen mehr<\/span><\/a><\/div><\/div><\/div><div class=\"fusion-layout-column fusion_builder_column fusion-builder-column-15 fusion_builder_column_1_2 1_2 fusion-flex-column fusion-animated\" style=\"--awb-padding-top:4vw;--awb-padding-right:2vw;--awb-padding-bottom:4vw;--awb-padding-left:2vw;--awb-padding-top-small:9vw;--awb-padding-right-small:4vw;--awb-padding-bottom-small:9vw;--awb-padding-left-small:4vw;--awb-overflow:hidden;--awb-bg-color:#a66d3f;--awb-bg-image:linear-gradient(180deg, rgba(0,0,0,0.52) 8%,rgba(255,255,255,0) 100%);;--awb-bg-size:cover;--awb-border-radius:6px 6px 6px 6px;--awb-width-large:50%;--awb-margin-top-large:0px;--awb-spacing-right-large:1.25vw;--awb-margin-bottom-large:0px;--awb-spacing-left-large:1.25vw;--awb-width-medium:40%;--awb-order-medium:0;--awb-spacing-right-medium:1.25vw;--awb-spacing-left-medium:1.25vw;--awb-width-small:100%;--awb-order-small:0;--awb-spacing-right-small:1.25vw;--awb-margin-bottom-small:6vw;--awb-spacing-left-small:1.25vw;\" data-animationType=\"fadeInUp\" data-animationDuration=\"1.0\" data-animationOffset=\"top-into-view\"><div class=\"fusion-column-wrapper lazyload fusion-column-has-shadow fusion-flex-justify-content-center fusion-content-layout-column\" data-bg-url=\"https:\/\/grupoberna.info\/wp-content\/uploads\/2021\/08\/campos-es-trenc.png\" data-bg=\"https:\/\/grupoberna.info\/wp-content\/uploads\/2021\/08\/campos-es-trenc.png\" data-bg-gradient=\"linear-gradient(180deg, rgba(0,0,0,0.52) 8%,rgba(255,255,255,0) 100%)\"><div class=\"fusion-title title fusion-title-16 fusion-sep-none fusion-title-center fusion-title-text fusion-title-size-two\" style=\"--awb-text-color:#ffffff;--awb-font-size:32px;\"><h2 class=\"title-heading-center\" style=\"margin:0;font-size:1em;\">Campos | Es Trenc<\/h2><\/div><div class=\"fusion-text fusion-text-12\" style=\"--awb-content-alignment:center;--awb-font-size:17px;--awb-line-height:1.9;--awb-text-color:#ffffff;\"><p>L\u00e4ndliche Umgebung im Paradies Mallorca.<\/p>\n<\/div><div style=\"text-align:center;\"><a class=\"fusion-button button-flat fusion-button-default-size button-custom fusion-button-default button-10 fusion-button-default-span fusion-button-default-type fusion-has-button-gradient\" style=\"--button_accent_color:#ffffff;--button_accent_hover_color:#016193;--button_border_hover_color:#ffffff;--button_border_width-top:1px;--button_border_width-right:1px;--button_border_width-bottom:1px;--button_border_width-left:1px;--button_gradient_top_color:rgba(1,97,147,0.56);--button_gradient_bottom_color:rgba(255,255,255,0);--button_gradient_top_color_hover:#ffffff;--button_gradient_bottom_color_hover:#ffffff;--button_margin-top:20px;\" target=\"_self\" href=\"https:\/\/grupoberna.info\/campos-es-trenc\/\"><span class=\"fusion-button-text\">sehen mehr<\/span><\/a><\/div><\/div><\/div><div class=\"fusion-layout-column fusion_builder_column fusion-builder-column-16 fusion_builder_column_1_2 1_2 fusion-flex-column fusion-animated\" style=\"--awb-padding-top:4vw;--awb-padding-right:2vw;--awb-padding-bottom:4vw;--awb-padding-left:2vw;--awb-padding-top-small:9vw;--awb-padding-right-small:4vw;--awb-padding-bottom-small:9vw;--awb-padding-left-small:4vw;--awb-overflow:hidden;--awb-bg-color:#a66d3f;--awb-bg-image:linear-gradient(180deg, rgba(0,0,0,0.52) 8%,rgba(255,255,255,0) 100%);;--awb-bg-size:cover;--awb-border-radius:6px 6px 6px 6px;--awb-width-large:50%;--awb-margin-top-large:30px;--awb-spacing-right-large:1.25vw;--awb-margin-bottom-large:0px;--awb-spacing-left-large:1.25vw;--awb-width-medium:40%;--awb-order-medium:0;--awb-spacing-right-medium:1.25vw;--awb-spacing-left-medium:1.25vw;--awb-width-small:100%;--awb-order-small:0;--awb-spacing-right-small:1.25vw;--awb-margin-bottom-small:6vw;--awb-spacing-left-small:1.25vw;\" data-animationType=\"fadeInUp\" data-animationDuration=\"1.0\" data-animationOffset=\"top-into-view\"><div class=\"fusion-column-wrapper lazyload fusion-column-has-shadow fusion-flex-justify-content-center fusion-content-layout-column\" data-bg-url=\"https:\/\/grupoberna.info\/wp-content\/uploads\/2021\/08\/santanyi.png\" data-bg=\"https:\/\/grupoberna.info\/wp-content\/uploads\/2021\/08\/santanyi.png\" data-bg-gradient=\"linear-gradient(180deg, rgba(0,0,0,0.52) 8%,rgba(255,255,255,0) 100%)\"><div class=\"fusion-title title fusion-title-17 fusion-sep-none fusion-title-center fusion-title-text fusion-title-size-two\" style=\"--awb-text-color:#ffffff;--awb-font-size:32px;\"><h2 class=\"title-heading-center\" style=\"margin:0;font-size:1em;\">Santany\u00ed<\/h2><\/div><div class=\"fusion-text fusion-text-13\" style=\"--awb-content-alignment:center;--awb-font-size:17px;--awb-line-height:1.9;--awb-text-color:#ffffff;\"><p>L\u00e4ndliche Umgebung im Paradies Mallorca.<\/p>\n<\/div><div style=\"text-align:center;\"><a class=\"fusion-button button-flat fusion-button-default-size button-custom fusion-button-default button-11 fusion-button-default-span fusion-button-default-type fusion-has-button-gradient\" style=\"--button_accent_color:#ffffff;--button_accent_hover_color:#016193;--button_border_hover_color:#ffffff;--button_border_width-top:1px;--button_border_width-right:1px;--button_border_width-bottom:1px;--button_border_width-left:1px;--button_gradient_top_color:rgba(1,97,147,0.56);--button_gradient_bottom_color:rgba(255,255,255,0);--button_gradient_top_color_hover:#ffffff;--button_gradient_bottom_color_hover:#ffffff;--button_margin-top:20px;\" target=\"_self\" href=\"https:\/\/grupoberna.info\/services\/\"><span class=\"fusion-button-text\">sehen mehr<\/span><\/a><\/div><\/div><\/div><div class=\"fusion-layout-column fusion_builder_column fusion-builder-column-17 fusion_builder_column_1_2 1_2 fusion-flex-column fusion-animated\" style=\"--awb-padding-top:4vw;--awb-padding-right:2vw;--awb-padding-bottom:4vw;--awb-padding-left:2vw;--awb-padding-top-small:9vw;--awb-padding-right-small:4vw;--awb-padding-bottom-small:9vw;--awb-padding-left-small:4vw;--awb-overflow:hidden;--awb-bg-color:#a66d3f;--awb-bg-image:linear-gradient(180deg, rgba(0,0,0,0.52) 8%,rgba(255,255,255,0) 100%);;--awb-bg-size:cover;--awb-border-radius:6px 6px 6px 6px;--awb-width-large:50%;--awb-margin-top-large:30px;--awb-spacing-right-large:1.25vw;--awb-margin-bottom-large:0px;--awb-spacing-left-large:1.25vw;--awb-width-medium:40%;--awb-order-medium:0;--awb-spacing-right-medium:1.25vw;--awb-spacing-left-medium:1.25vw;--awb-width-small:100%;--awb-order-small:0;--awb-spacing-right-small:1.25vw;--awb-margin-bottom-small:6vw;--awb-spacing-left-small:1.25vw;\" data-animationType=\"fadeInUp\" data-animationDuration=\"1.0\" data-animationOffset=\"top-into-view\"><div class=\"fusion-column-wrapper lazyload fusion-column-has-shadow fusion-flex-justify-content-center fusion-content-layout-column\" data-bg-url=\"https:\/\/grupoberna.info\/wp-content\/uploads\/2021\/08\/ses-salines.png\" data-bg=\"https:\/\/grupoberna.info\/wp-content\/uploads\/2021\/08\/ses-salines.png\" data-bg-gradient=\"linear-gradient(180deg, rgba(0,0,0,0.52) 8%,rgba(255,255,255,0) 100%)\"><div class=\"fusion-title title fusion-title-18 fusion-sep-none fusion-title-center fusion-title-text fusion-title-size-two\" style=\"--awb-text-color:#ffffff;--awb-font-size:32px;\"><h2 class=\"title-heading-center\" style=\"margin:0;font-size:1em;\">Ses Salines<\/h2><\/div><div class=\"fusion-text fusion-text-14\" style=\"--awb-content-alignment:center;--awb-font-size:17px;--awb-line-height:1.9;--awb-text-color:#ffffff;\"><p>Beschaulichkeit, Tradition und Gastronomie<\/p>\n<\/div><div style=\"text-align:center;\"><a class=\"fusion-button button-flat fusion-button-default-size button-custom fusion-button-default button-12 fusion-button-default-span fusion-button-default-type fusion-has-button-gradient\" style=\"--button_accent_color:#ffffff;--button_accent_hover_color:#016193;--button_border_hover_color:#ffffff;--button_border_width-top:1px;--button_border_width-right:1px;--button_border_width-bottom:1px;--button_border_width-left:1px;--button_gradient_top_color:rgba(1,97,147,0.56);--button_gradient_bottom_color:rgba(255,255,255,0);--button_gradient_top_color_hover:#ffffff;--button_gradient_bottom_color_hover:#ffffff;--button_margin-top:20px;\" target=\"_self\" href=\"https:\/\/grupoberna.info\/ses-salines\/\"><span class=\"fusion-button-text\">sehen mehr<\/span><\/a><\/div><\/div><\/div><div class=\"fusion-layout-column fusion_builder_column fusion-builder-column-18 fusion_builder_column_1_1 1_1 fusion-flex-column fusion-animated\" style=\"--awb-padding-top:2vw;--awb-padding-right:2vw;--awb-padding-bottom:2w;--awb-padding-left:2vw;--awb-padding-top-small:9vw;--awb-padding-right-small:4vw;--awb-padding-bottom-small:9vw;--awb-padding-left-small:4vw;--awb-overflow:hidden;--awb-bg-color:rgba(255,255,255,0);--awb-bg-size:cover;--awb-border-radius:6px 6px 6px 6px;--awb-width-large:100%;--awb-margin-top-large:30px;--awb-spacing-right-large:1.25vw;--awb-margin-bottom-large:0px;--awb-spacing-left-large:1.25vw;--awb-width-medium:40%;--awb-order-medium:0;--awb-spacing-right-medium:1.25vw;--awb-spacing-left-medium:1.25vw;--awb-width-small:100%;--awb-order-small:0;--awb-spacing-right-small:1.25vw;--awb-margin-bottom-small:6vw;--awb-spacing-left-small:1.25vw;\" data-animationType=\"fadeInUp\" data-animationDuration=\"1.0\" data-animationOffset=\"top-into-view\"><div class=\"fusion-column-wrapper fusion-column-has-shadow fusion-flex-justify-content-center fusion-content-layout-column\"><div style=\"text-align:center;\"><a class=\"fusion-button button-flat fusion-button-default-size button-custom fusion-button-default button-13 fusion-button-default-span fusion-button-default-type btn-custom\" style=\"--button_accent_color:#ffffff;--button_border_color:#016193;--button_accent_hover_color:#016193;--button_border_hover_color:#016193;--button_gradient_top_color:#016193;--button_gradient_bottom_color:#016193;--button_gradient_top_color_hover:#ffffff;--button_gradient_bottom_color_hover:#ffffff;--button_margin-top:30px;\" target=\"_self\" href=\"https:\/\/grupoberna.info\/destinos\/\"><span class=\"fusion-button-text\">siehe Reiseziele<\/span><\/a><\/div><\/div><\/div><\/div><\/div><\/p>\n","protected":false},"excerpt":{"rendered":"","protected":false},"author":1,"featured_media":0,"parent":0,"menu_order":0,"comment_status":"closed","ping_status":"closed","template":"100-width.php","meta":{"footnotes":""},"class_list":["post-3033","page","type-page","status-publish","hentry"],"yoast_head":"<!-- This site is optimized with the Yoast SEO plugin v21.5 - https:\/\/yoast.com\/wordpress\/plugins\/seo\/ -->\n<title>Colonia San Jordi, die Perle im S\u00fcden Mallorcas, wollen Sie einen Strand?<\/title>\n<meta name=\"description\" content=\"In Colonia Sant Jordi k\u00f6nnen Sie eine Wohnung in der N\u00e4he der unber\u00fchrten Str\u00e4nde mit feinem Sand, wie es Dol\u00e7, es Trenc, Perle des Mittelmeers, mieten.\" \/>\n<meta name=\"robots\" content=\"index, follow, max-snippet:-1, max-image-preview:large, max-video-preview:-1\" \/>\n<link rel=\"canonical\" href=\"https:\/\/grupoberna.info\/de\/colonia-de-sant-jordi\/\" \/>\n<meta property=\"og:locale\" content=\"de_DE\" \/>\n<meta property=\"og:type\" content=\"article\" \/>\n<meta property=\"og:title\" content=\"Colonia San Jordi, die Perle im S\u00fcden Mallorcas, wollen Sie einen Strand?\" \/>\n<meta property=\"og:description\" content=\"In Colonia Sant Jordi k\u00f6nnen Sie eine Wohnung in der N\u00e4he der unber\u00fchrten Str\u00e4nde mit feinem Sand, wie es Dol\u00e7, es Trenc, Perle des Mittelmeers, mieten.\" \/>\n<meta property=\"og:url\" content=\"https:\/\/grupoberna.info\/de\/colonia-de-sant-jordi\/\" \/>\n<meta property=\"og:site_name\" content=\"Apartamentos tur\u00edsticos y viviendas vacacionales\" \/>\n<meta property=\"article:publisher\" content=\"https:\/\/es-es.facebook.com\/grupobernacoloniadesantjordi\/\" \/>\n<meta property=\"article:modified_time\" content=\"2026-02-25T16:57:47+00:00\" \/>\n<meta name=\"twitter:card\" content=\"summary_large_image\" \/>\n<meta name=\"twitter:label1\" content=\"Gesch\u00e4tzte Lesezeit\" \/>\n\t<meta name=\"twitter:data1\" content=\"80\u00a0Minuten\" \/>\n<script type=\"application\/ld+json\" class=\"yoast-schema-graph\">{\"@context\":\"https:\/\/schema.org\",\"@graph\":[{\"@type\":\"WebPage\",\"@id\":\"https:\/\/grupoberna.info\/de\/colonia-de-sant-jordi\/\",\"url\":\"https:\/\/grupoberna.info\/de\/colonia-de-sant-jordi\/\",\"name\":\"Colonia San Jordi, die Perle im S\u00fcden Mallorcas, wollen Sie einen Strand?\",\"isPartOf\":{\"@id\":\"https:\/\/grupoberna.info\/#website\"},\"datePublished\":\"2023-01-10T13:51:15+00:00\",\"dateModified\":\"2026-02-25T16:57:47+00:00\",\"description\":\"In Colonia Sant Jordi k\u00f6nnen Sie eine Wohnung in der N\u00e4he der unber\u00fchrten Str\u00e4nde mit feinem Sand, wie es Dol\u00e7, es Trenc, Perle des Mittelmeers, mieten.\",\"breadcrumb\":{\"@id\":\"https:\/\/grupoberna.info\/de\/colonia-de-sant-jordi\/#breadcrumb\"},\"inLanguage\":\"de\",\"potentialAction\":[{\"@type\":\"ReadAction\",\"target\":[\"https:\/\/grupoberna.info\/de\/colonia-de-sant-jordi\/\"]}]},{\"@type\":\"BreadcrumbList\",\"@id\":\"https:\/\/grupoberna.info\/de\/colonia-de-sant-jordi\/#breadcrumb\",\"itemListElement\":[{\"@type\":\"ListItem\",\"position\":1,\"name\":\"Portada\",\"item\":\"https:\/\/grupoberna.info\/de\/ferienwohnungen-und-ferienhauser-grupo-berna\/\"},{\"@type\":\"ListItem\",\"position\":2,\"name\":\"Colonia de Sant Jordi\"}]},{\"@type\":\"WebSite\",\"@id\":\"https:\/\/grupoberna.info\/#website\",\"url\":\"https:\/\/grupoberna.info\/\",\"name\":\"Apartamentos tur\u00edsticos y viviendas vacacionales\",\"description\":\"Apartamentos y villas | Es Trenc - Mallorca -Espa\u00f1a\",\"publisher\":{\"@id\":\"https:\/\/grupoberna.info\/#organization\"},\"potentialAction\":[{\"@type\":\"SearchAction\",\"target\":{\"@type\":\"EntryPoint\",\"urlTemplate\":\"https:\/\/grupoberna.info\/?s={search_term_string}\"},\"query-input\":\"required name=search_term_string\"}],\"inLanguage\":\"de\"},{\"@type\":\"Organization\",\"@id\":\"https:\/\/grupoberna.info\/#organization\",\"name\":\"Apartamentos tur\u00edsticos y viviendas vacacionales\",\"url\":\"https:\/\/grupoberna.info\/\",\"logo\":{\"@type\":\"ImageObject\",\"inLanguage\":\"de\",\"@id\":\"https:\/\/grupoberna.info\/#\/schema\/logo\/image\/\",\"url\":\"https:\/\/grupoberna.info\/wp-content\/uploads\/2021\/08\/Grupo-berna-azul.png\",\"contentUrl\":\"https:\/\/grupoberna.info\/wp-content\/uploads\/2021\/08\/Grupo-berna-azul.png\",\"width\":274,\"height\":120,\"caption\":\"Apartamentos tur\u00edsticos y viviendas vacacionales\"},\"image\":{\"@id\":\"https:\/\/grupoberna.info\/#\/schema\/logo\/image\/\"},\"sameAs\":[\"https:\/\/es-es.facebook.com\/grupobernacoloniadesantjordi\/\",\"https:\/\/www.instagram.com\/grupo_berna\/\"]}]}<\/script>\n<!-- \/ Yoast SEO plugin. -->","yoast_head_json":{"title":"Colonia San Jordi, die Perle im S\u00fcden Mallorcas, wollen Sie einen Strand?","description":"In Colonia Sant Jordi k\u00f6nnen Sie eine Wohnung in der N\u00e4he der unber\u00fchrten Str\u00e4nde mit feinem Sand, wie es Dol\u00e7, es Trenc, Perle des Mittelmeers, mieten.","robots":{"index":"index","follow":"follow","max-snippet":"max-snippet:-1","max-image-preview":"max-image-preview:large","max-video-preview":"max-video-preview:-1"},"canonical":"https:\/\/grupoberna.info\/de\/colonia-de-sant-jordi\/","og_locale":"de_DE","og_type":"article","og_title":"Colonia San Jordi, die Perle im S\u00fcden Mallorcas, wollen Sie einen Strand?","og_description":"In Colonia Sant Jordi k\u00f6nnen Sie eine Wohnung in der N\u00e4he der unber\u00fchrten Str\u00e4nde mit feinem Sand, wie es Dol\u00e7, es Trenc, Perle des Mittelmeers, mieten.","og_url":"https:\/\/grupoberna.info\/de\/colonia-de-sant-jordi\/","og_site_name":"Apartamentos tur\u00edsticos y viviendas vacacionales","article_publisher":"https:\/\/es-es.facebook.com\/grupobernacoloniadesantjordi\/","article_modified_time":"2026-02-25T16:57:47+00:00","twitter_card":"summary_large_image","twitter_misc":{"Gesch\u00e4tzte Lesezeit":"80\u00a0Minuten"},"schema":{"@context":"https:\/\/schema.org","@graph":[{"@type":"WebPage","@id":"https:\/\/grupoberna.info\/de\/colonia-de-sant-jordi\/","url":"https:\/\/grupoberna.info\/de\/colonia-de-sant-jordi\/","name":"Colonia San Jordi, die Perle im S\u00fcden Mallorcas, wollen Sie einen Strand?","isPartOf":{"@id":"https:\/\/grupoberna.info\/#website"},"datePublished":"2023-01-10T13:51:15+00:00","dateModified":"2026-02-25T16:57:47+00:00","description":"In Colonia Sant Jordi k\u00f6nnen Sie eine Wohnung in der N\u00e4he der unber\u00fchrten Str\u00e4nde mit feinem Sand, wie es Dol\u00e7, es Trenc, Perle des Mittelmeers, mieten.","breadcrumb":{"@id":"https:\/\/grupoberna.info\/de\/colonia-de-sant-jordi\/#breadcrumb"},"inLanguage":"de","potentialAction":[{"@type":"ReadAction","target":["https:\/\/grupoberna.info\/de\/colonia-de-sant-jordi\/"]}]},{"@type":"BreadcrumbList","@id":"https:\/\/grupoberna.info\/de\/colonia-de-sant-jordi\/#breadcrumb","itemListElement":[{"@type":"ListItem","position":1,"name":"Portada","item":"https:\/\/grupoberna.info\/de\/ferienwohnungen-und-ferienhauser-grupo-berna\/"},{"@type":"ListItem","position":2,"name":"Colonia de Sant Jordi"}]},{"@type":"WebSite","@id":"https:\/\/grupoberna.info\/#website","url":"https:\/\/grupoberna.info\/","name":"Apartamentos tur\u00edsticos y viviendas vacacionales","description":"Apartamentos y villas | Es Trenc - Mallorca -Espa\u00f1a","publisher":{"@id":"https:\/\/grupoberna.info\/#organization"},"potentialAction":[{"@type":"SearchAction","target":{"@type":"EntryPoint","urlTemplate":"https:\/\/grupoberna.info\/?s={search_term_string}"},"query-input":"required name=search_term_string"}],"inLanguage":"de"},{"@type":"Organization","@id":"https:\/\/grupoberna.info\/#organization","name":"Apartamentos tur\u00edsticos y viviendas vacacionales","url":"https:\/\/grupoberna.info\/","logo":{"@type":"ImageObject","inLanguage":"de","@id":"https:\/\/grupoberna.info\/#\/schema\/logo\/image\/","url":"https:\/\/grupoberna.info\/wp-content\/uploads\/2021\/08\/Grupo-berna-azul.png","contentUrl":"https:\/\/grupoberna.info\/wp-content\/uploads\/2021\/08\/Grupo-berna-azul.png","width":274,"height":120,"caption":"Apartamentos tur\u00edsticos y viviendas vacacionales"},"image":{"@id":"https:\/\/grupoberna.info\/#\/schema\/logo\/image\/"},"sameAs":["https:\/\/es-es.facebook.com\/grupobernacoloniadesantjordi\/","https:\/\/www.instagram.com\/grupo_berna\/"]}]}},"_links":{"self":[{"href":"https:\/\/grupoberna.info\/de\/wp-json\/wp\/v2\/pages\/3033","targetHints":{"allow":["GET"]}}],"collection":[{"href":"https:\/\/grupoberna.info\/de\/wp-json\/wp\/v2\/pages"}],"about":[{"href":"https:\/\/grupoberna.info\/de\/wp-json\/wp\/v2\/types\/page"}],"author":[{"embeddable":true,"href":"https:\/\/grupoberna.info\/de\/wp-json\/wp\/v2\/users\/1"}],"replies":[{"embeddable":true,"href":"https:\/\/grupoberna.info\/de\/wp-json\/wp\/v2\/comments?post=3033"}],"version-history":[{"count":4,"href":"https:\/\/grupoberna.info\/de\/wp-json\/wp\/v2\/pages\/3033\/revisions"}],"predecessor-version":[{"id":6421,"href":"https:\/\/grupoberna.info\/de\/wp-json\/wp\/v2\/pages\/3033\/revisions\/6421"}],"wp:attachment":[{"href":"https:\/\/grupoberna.info\/de\/wp-json\/wp\/v2\/media?parent=3033"}],"curies":[{"name":"wp","href":"https:\/\/api.w.org\/{rel}","templated":true}]}}