{"id":4370,"date":"2024-01-08T18:02:41","date_gmt":"2024-01-08T18:02:41","guid":{"rendered":"https:\/\/grupoberna.info\/soll-28\/"},"modified":"2026-03-11T16:17:28","modified_gmt":"2026-03-11T16:17:28","slug":"soll-28","status":"publish","type":"page","link":"https:\/\/grupoberna.info\/fr\/soll-28\/","title":{"rendered":"Soll 28"},"content":{"rendered":"<p><div class=\"fusion-fullwidth fullwidth-box fusion-builder-row-1 fusion-flex-container has-pattern-background has-mask-background fusion-parallax-fixed nonhundred-percent-fullwidth non-hundred-percent-height-scrolling lazyload fusion-animated\" style=\"--awb-background-position:center top;--awb-border-sizes-top:0;--awb-border-sizes-left:0;--awb-border-sizes-right:0;--awb-border-color:#ffffff;--awb-border-radius-top-left:0px;--awb-border-radius-top-right:0px;--awb-border-radius-bottom-right:0px;--awb-border-radius-bottom-left:0px;--awb-padding-top:10vw;--awb-padding-right:4vw;--awb-padding-bottom:10vw;--awb-padding-left:4vw;--awb-padding-top-small:0px;--awb-padding-right-small:12vw;--awb-padding-bottom-small:12vw;--awb-padding-left-small:12vw;--awb-margin-bottom:0px;--awb-background-color:#016193;--awb-background-image:linear-gradient(180deg, rgba(0,0,0,0.59) 0%,rgba(255,255,255,0) 100%);;--awb-background-size:cover;background-attachment:fixed;\" data-bg=\"https:\/\/grupoberna.info\/wp-content\/uploads\/2023\/03\/pisocoloniadesantjordi-callesol-terraza2.jpg\" data-bg-gradient=\"linear-gradient(180deg, rgba(0,0,0,0.59) 0%,rgba(255,255,255,0) 100%)\" data-animationType=\"fadeInUp\" data-animationDuration=\"1.2\" data-animationOffset=\"top-into-view\" ><div class=\"fusion-builder-row fusion-row fusion-flex-align-items-center fusion-flex-justify-content-center\" style=\"max-width:1365px;margin-left: calc(-5% \/ 2 );margin-right: calc(-5% \/ 2 );\"><div class=\"fusion-layout-column fusion_builder_column fusion-builder-column-0 fusion_builder_column_2_3 2_3 fusion-flex-column\" style=\"--awb-bg-size:cover;--awb-width-large:66.666666666667%;--awb-margin-top-large:0px;--awb-spacing-right-large:2.85%;--awb-margin-bottom-large:0px;--awb-spacing-left-large:3.5625%;--awb-width-medium:66.666666666667%;--awb-spacing-right-medium:2.85%;--awb-spacing-left-medium:3.5625%;--awb-width-small:100%;--awb-spacing-right-small:2.375%;--awb-spacing-left-small:2.375%;\"><div class=\"fusion-column-wrapper fusion-flex-justify-content-flex-start fusion-content-layout-column\"><div class=\"fusion-title title fusion-title-1 fusion-sep-none fusion-title-center fusion-title-text fusion-title-size-one\" style=\"--awb-text-color:#ffffff;--awb-font-size:50px;\"><h1 class=\"title-heading-center\" style=\"margin:0;font-size:1em;\">Maison de vacances Sol 28<\/h1><\/div><div class=\"fusion-text fusion-text-1\" style=\"--awb-font-size:35px;--awb-text-color:#ffffff;\"><p style=\"text-align: center;\">Col\u00f2nia de Sant Jordi<\/p>\n<\/div><div style=\"background: rgba(255,255,255,0.95); padding: 20px; border-radius: 8px; box-shadow: 0 4px 20px rgba(0,0,0,0.15); max-width: 900px; margin: 0 auto;\">\n  \n  <form id=\"buscador-grupoberna\" style=\"display: flex; align-items: center; gap: 20px; flex-wrap: wrap;\">\n    \n    <div style=\"flex: 1; min-width: 140px;\">\n      <label style=\"display: block; font-size: 11px; color: #666; text-transform: uppercase; letter-spacing: 0.5px; margin-bottom: 5px; font-weight: 600;\">Llegada<\/label>\n      <input type=\"date\" id=\"fecha-llegada\" required style=\"width: 100%; border: 1px solid #ddd; padding: 10px; font-size: 14px; border-radius: 4px; color: #333;\">\n    <\/div>\n    \n    <div style=\"flex: 1; min-width: 140px;\">\n      <label style=\"display: block; font-size: 11px; color: #666; text-transform: uppercase; letter-spacing: 0.5px; margin-bottom: 5px; font-weight: 600;\">Salida<\/label>\n      <input type=\"date\" id=\"fecha-salida\" required style=\"width: 100%; border: 1px solid #ddd; padding: 10px; font-size: 14px; border-radius: 4px; color: #333;\">\n    <\/div>\n    \n    <div style=\"flex: 0.8; min-width: 120px;\">\n      <label style=\"display: block; font-size: 11px; color: #666; text-transform: uppercase; letter-spacing: 0.5px; margin-bottom: 5px; font-weight: 600;\">Hu\u00e9spedes<\/label>\n      <select id=\"num-huespedes\" style=\"width: 100%; border: 1px solid #ddd; padding: 10px; font-size: 14px; border-radius: 4px; color: #333; background: white;\">\n        <option value=\"1\">1 hu\u00e9sped<\/option>\n        <option value=\"2\" selected>2 hu\u00e9spedes<\/option>\n        <option value=\"3\">3 hu\u00e9spedes<\/option>\n        <option value=\"4\">4 hu\u00e9spedes<\/option>\n        <option value=\"5\">5 hu\u00e9spedes<\/option>\n        <option value=\"6\">6 hu\u00e9spedes<\/option>\n      <\/select>\n    <\/div>\n    \n    <div style=\"flex: 0.8; min-width: 140px;\">\n      <label style=\"display: block; font-size: 11px; color: transparent; margin-bottom: 5px;\">.<\/label>\n      <button type=\"submit\" style=\"width: 100%; background: #28a745; color: white; border: none; padding: 11px 20px; font-size: 14px; font-weight: 600; border-radius: 4px; cursor: pointer; text-transform: uppercase; letter-spacing: 0.5px;\">Ver disponibilidad<\/button>\n    <\/div>\n    \n  <\/form>\n<\/div>\n\n<script>\ndocument.addEventListener('DOMContentLoaded', function() {\n  var today = new Date();\n  var tomorrow = new Date(today);\n  tomorrow.setDate(tomorrow.getDate() + 1);\n  \n  var formatDate = function(date) {\n    return date.toISOString().split('T')[0];\n  };\n  \n  document.getElementById('fecha-llegada').value = formatDate(today);\n  document.getElementById('fecha-salida').value = formatDate(tomorrow);\n  \n  document.getElementById('fecha-llegada').addEventListener('change', function() {\n    var llegada = new Date(this.value);\n    var salida = new Date(document.getElementById('fecha-salida').value);\n    if(salida <= llegada) {\n      var nextDay = new Date(llegada);\n      nextDay.setDate(nextDay.getDate() + 1);\n      document.getElementById('fecha-salida').value = formatDate(nextDay);\n    }\n  });\n  \n  document.getElementById('buscador-grupoberna').addEventListener('submit', function(e) {\n    e.preventDefault();\n    var llegada = document.getElementById('fecha-llegada').value;\n    var salida = document.getElementById('fecha-salida').value;\n    var huespedes = document.getElementById('num-huespedes').value;\n    var url = 'https:\/\/admin.guestpro.com\/es\/book\/grupo_berna?hotel=&start=' + llegada + '&end=' + salida + '&occupancy=' + huespedes + '&promo=&hotel_selected=&ordering=rating';\n    window.open(url, '_blank');\n  });\n});\n<\/script><\/div><\/div><\/div><\/div><div class=\"fusion-fullwidth fullwidth-box fusion-builder-row-2 fusion-flex-container has-pattern-background has-mask-background nonhundred-percent-fullwidth non-hundred-percent-height-scrolling fusion-animated\" style=\"--awb-border-radius-top-left:0px;--awb-border-radius-top-right:0px;--awb-border-radius-bottom-right:0px;--awb-border-radius-bottom-left:0px;--awb-padding-top:7vw;--awb-padding-top-small:0px;--awb-padding-right-small:12vw;--awb-padding-bottom-small:12vw;--awb-padding-left-small:12vw;\" data-animationType=\"fadeInUp\" data-animationDuration=\"1.2\" data-animationOffset=\"top-into-view\" ><div class=\"fusion-builder-row fusion-row fusion-flex-align-items-flex-start\" style=\"max-width:1365px;margin-left: calc(-5% \/ 2 );margin-right: calc(-5% \/ 2 );\"><div class=\"fusion-layout-column fusion_builder_column fusion-builder-column-1 fusion_builder_column_1_1 1_1 fusion-flex-column\" style=\"--awb-bg-size:cover;--awb-width-large:100%;--awb-margin-top-large:0px;--awb-spacing-right-large:2.375%;--awb-margin-bottom-large:0px;--awb-spacing-left-large:2.375%;--awb-width-medium:100%;--awb-order-medium:0;--awb-spacing-right-medium:2.375%;--awb-spacing-left-medium:2.375%;--awb-width-small:100%;--awb-order-small:0;--awb-spacing-right-small:2.375%;--awb-spacing-left-small:2.375%;\"><div class=\"fusion-column-wrapper fusion-column-has-shadow fusion-flex-justify-content-flex-start fusion-content-layout-column\"><div class=\"fusion-text fusion-text-2\" style=\"--awb-content-alignment:center;--awb-font-size:18px;--awb-text-color:#000000;\"><p>Vivienda Sol 28 \u00e0 100 m\u00e8tres de la plage de <a href=\"https:\/\/grupoberna.info\/las-6-mejores-playas-de-colonia-sant-jordi\/\">Cala Galiota<\/a> offre un emplacement central au premier \u00e9tage avec une grande terrasse o\u00f9 vous pouvez c\u00e9l\u00e9brer les meilleures r\u00e9unions de famille dans la brise fra\u00eeche, a \u00e9galement l&rsquo;air conditionn\u00e9 dans le salon si vous voulez d\u00eener \u00e0 l&rsquo;int\u00e9rieur sans chaleur.<\/p>\n<p>Un parking est \u00e9galement \u00e0 votre disposition dans le garage du b\u00e2timent de la Vivienda Sol 28 o\u00f9 vous pouvez ranger votre voiture ou vos v\u00e9los.<\/p>\n<p>Pr\u00e8s de Carrer Major et aussi de Carrer Estanys o\u00f9 vous trouverez des supermarch\u00e9s, des boulangeries, ainsi que des magasins sans oublier les plages qui entourent Colonia Sant Jordi dont certaines sont naturelles et de sable fin, \u00e0 l&rsquo;heure actuelle peut-\u00eatre les meilleures de Majorque.<\/p>\n<p>Si vous venez en voiture, bien que cela ne soit pas indispensable, cela vous permettra de visiter <a href=\"https:\/\/visitsessalinescolonia.com\/es\/inicio\/\">Ses Salines<\/a>, \u00e0 5 minutes, ainsi que les belles criques de la r\u00e9gion telles que Cala Figuera, <a href=\"https:\/\/grupoberna.info\/cala-pi-mallorca-guia-completa\/\">Cala Pi<\/a> et bien d&rsquo;autres.<\/p>\n<p>En conclusion, la r\u00e9servation de Vivienda Sol 28 fera de votre s\u00e9jour \u00e0 Colonia Sant Jordi une exp\u00e9rience enrichissante.<\/p>\n<\/div><\/div><\/div><\/div><\/div><div class=\"fusion-fullwidth fullwidth-box fusion-builder-row-3 fusion-flex-container has-pattern-background has-mask-background hundred-percent-fullwidth non-hundred-percent-height-scrolling\" style=\"--awb-border-color:#e8efef;--awb-border-radius-top-left:0px;--awb-border-radius-top-right:0px;--awb-border-radius-bottom-right:0px;--awb-border-radius-bottom-left:0px;--awb-padding-top:7vw;--awb-margin-bottom:0px;--awb-background-color:rgba(1,97,147,0);\" ><div class=\"fusion-builder-row fusion-row fusion-flex-align-items-stretch\" style=\"width:105% !important;max-width:105% !important;margin-left: calc(-5% \/ 2 );margin-right: calc(-5% \/ 2 );\"><div class=\"fusion-layout-column fusion_builder_column fusion-builder-column-2 fusion_builder_column_2_5 2_5 fusion-flex-column\" style=\"--awb-overflow:hidden;--awb-bg-position:center center;--awb-bg-size:cover;--awb-border-radius:0px 6px 6px 0px;--awb-width-large:40%;--awb-margin-top-large:0px;--awb-spacing-right-large:0;--awb-margin-bottom-large:3.5vw;--awb-spacing-left-large:0;--awb-width-medium:40%;--awb-order-medium:0;--awb-spacing-right-medium:0;--awb-spacing-left-medium:0;--awb-width-small:16.666666666667%;--awb-order-small:1;--awb-spacing-right-small:0;--awb-margin-bottom-small:6vw;--awb-spacing-left-small:0;\"><div class=\"fusion-column-wrapper lazyload fusion-column-has-shadow fusion-flex-justify-content-flex-start fusion-content-layout-column fusion-empty-column-bg-image\" data-bg-url=\"https:\/\/grupoberna.info\/wp-content\/uploads\/2023\/03\/cocina.jpg\" data-bg=\"https:\/\/grupoberna.info\/wp-content\/uploads\/2023\/03\/cocina.jpg\"><img decoding=\"async\" class=\"fusion-empty-dims-img-placeholder fusion-no-large-visibility fusion-no-medium-visibility\" src=\"data:image\/svg+xml,%3Csvg%20xmlns%3D%27http%3A%2F%2Fwww.w3.org%2F2000%2Fsvg%27%20width%3D%271200%27%20height%3D%27900%27%20viewBox%3D%270%200%201200%20900%27%3E%3Crect%20width%3D%271200%27%20height%3D%27900%27%20fill-opacity%3D%220%22%2F%3E%3C%2Fsvg%3E\"><\/div><\/div><div class=\"fusion-layout-column fusion_builder_column fusion-builder-column-3 fusion_builder_column_3_5 3_5 fusion-flex-column\" style=\"--awb-padding-top:10vh;--awb-padding-right:6vw;--awb-padding-bottom:10vh;--awb-padding-left:6vw;--awb-padding-top-medium:8vw;--awb-padding-bottom-medium:8vw;--awb-padding-top-small:7vh;--awb-padding-right-small:7vw;--awb-padding-bottom-small:7vh;--awb-padding-left-small:7vw;--awb-overflow:hidden;--awb-bg-color:#016193;--awb-bg-size:cover;--awb-border-radius:6px 0px 0px 6px;--awb-width-large:60%;--awb-margin-top-large:0px;--awb-spacing-right-large:0;--awb-margin-bottom-large:3.5vw;--awb-spacing-left-large:3.9583333333333%;--awb-width-medium:60%;--awb-order-medium:0;--awb-spacing-right-medium:0;--awb-spacing-left-medium:3.9583333333333%;--awb-width-small:83.333333333333%;--awb-order-small:0;--awb-spacing-right-small:0;--awb-margin-bottom-small:6vw;--awb-spacing-left-small:2.85%;\"><div class=\"fusion-column-wrapper fusion-column-has-shadow fusion-flex-justify-content-flex-start fusion-content-layout-column\"><div class=\"fusion-title title fusion-title-2 fusion-sep-none fusion-title-text fusion-title-size-two\" style=\"--awb-text-color:#ffffff;--awb-margin-bottom:20px;\"><h2 class=\"title-heading-left\" style=\"margin:0;\">Equipements et services<\/h2><\/div><div class=\"fusion-builder-row fusion-builder-row-inner fusion-row fusion-flex-align-items-stretch\" style=\"width:105% !important;max-width:105% !important;margin-left: calc(-5% \/ 2 );margin-right: calc(-5% \/ 2 );\"><div class=\"fusion-layout-column fusion_builder_column_inner fusion-builder-nested-column-0 fusion_builder_column_inner_1_2 1_2 fusion-flex-column\" style=\"--awb-bg-size:cover;--awb-width-large:50%;--awb-margin-top-large:0px;--awb-spacing-right-large:4.75%;--awb-margin-bottom-large:20px;--awb-spacing-left-large:4.75%;--awb-width-medium:50%;--awb-order-medium:0;--awb-spacing-right-medium:4.75%;--awb-spacing-left-medium:4.75%;--awb-width-small:100%;--awb-order-small:0;--awb-spacing-right-small:2.375%;--awb-spacing-left-small:2.375%;\"><div class=\"fusion-column-wrapper fusion-column-has-shadow fusion-flex-justify-content-flex-start fusion-content-layout-column\"><ul style=\"--awb-textcolor:#ffffff;--awb-line-height:27.2px;--awb-icon-width:27.2px;--awb-icon-height:27.2px;--awb-icon-margin:11.2px;--awb-content-margin:38.4px;--awb-circlecolor:rgba(255,255,255,0);--awb-circle-yes-font-size:14.08px;\" class=\"fusion-checklist fusion-checklist-1 fusion-checklist-default type-icons\"><li class=\"fusion-li-item\" style=\"\"><span class=\"icon-wrapper circle-yes\"><i class=\"fusion-li-icon fa-bed fas\" aria-hidden=\"true\"><\/i><\/span><div class=\"fusion-li-item-content\">\n<p>3 chambres, 6 lits<\/p>\n<\/div><\/li><li class=\"fusion-li-item\" style=\"\"><span class=\"icon-wrapper circle-yes\"><i class=\"fusion-li-icon fa-home-lg-alt fas\" aria-hidden=\"true\"><\/i><\/span><div class=\"fusion-li-item-content\">\n<p>90 m2<\/p>\n<\/div><\/li><li class=\"fusion-li-item\" style=\"\"><span class=\"icon-wrapper circle-yes\"><i class=\"fusion-li-icon fa-sink fas\" aria-hidden=\"true\"><\/i><\/span><div class=\"fusion-li-item-content\">\n<p>2 salles de bains<\/p>\n<\/div><\/li><li class=\"fusion-li-item\" style=\"\"><span class=\"icon-wrapper circle-yes\"><i class=\"fusion-li-icon fa-hat-chef fas\" aria-hidden=\"true\"><\/i><\/span><div class=\"fusion-li-item-content\">\n<p>Cuisine<\/p>\n<\/div><\/li><li class=\"fusion-li-item\" style=\"\"><span class=\"icon-wrapper circle-yes\"><i class=\"fusion-li-icon fa-washer fas\" aria-hidden=\"true\"><\/i><\/span><div class=\"fusion-li-item-content\">\n<p>Machine \u00e0 laver<\/p>\n<\/div><\/li><\/ul><\/div><\/div><div class=\"fusion-layout-column fusion_builder_column_inner fusion-builder-nested-column-1 fusion_builder_column_inner_1_2 1_2 fusion-flex-column\" style=\"--awb-bg-size:cover;--awb-width-large:50%;--awb-margin-top-large:0px;--awb-spacing-right-large:4.75%;--awb-margin-bottom-large:20px;--awb-spacing-left-large:4.75%;--awb-width-medium:50%;--awb-order-medium:0;--awb-spacing-right-medium:4.75%;--awb-spacing-left-medium:4.75%;--awb-width-small:100%;--awb-order-small:0;--awb-spacing-right-small:2.375%;--awb-spacing-left-small:2.375%;\"><div class=\"fusion-column-wrapper fusion-column-has-shadow fusion-flex-justify-content-flex-start fusion-content-layout-column\"><ul style=\"--awb-textcolor:#ffffff;--awb-line-height:27.2px;--awb-icon-width:27.2px;--awb-icon-height:27.2px;--awb-icon-margin:11.2px;--awb-content-margin:38.4px;--awb-circlecolor:rgba(166,109,63,0);--awb-circle-yes-font-size:14.08px;\" class=\"fusion-checklist fusion-checklist-2 fusion-checklist-default type-icons\"><li class=\"fusion-li-item\" style=\"\"><span class=\"icon-wrapper circle-yes\"><i class=\"fusion-li-icon fa-wifi fas\" aria-hidden=\"true\"><\/i><\/span><div class=\"fusion-li-item-content\">\n<p>WIFI gratuit<\/p>\n<\/div><\/li><li class=\"fusion-li-item\" style=\"\"><span class=\"icon-wrapper circle-yes\"><i class=\"fusion-li-icon fa-window-frame fas\" aria-hidden=\"true\"><\/i><\/span><div class=\"fusion-li-item-content\">\n<p>Terrasse<\/p>\n<\/div><\/li><li class=\"fusion-li-item\" style=\"\"><span class=\"icon-wrapper circle-yes\"><i class=\"fusion-li-icon fa-air-conditioner fas\" aria-hidden=\"true\"><\/i><\/span><div class=\"fusion-li-item-content\">\n<p>Climatisation (chaud-froid) dans le salon.<\/p>\n<\/div><\/li><\/ul><\/div><\/div><\/div><div class=\"fusion-text fusion-text-3\" style=\"--awb-text-color:#ffffff;\"><p>Registro en turismo: ETVPL\/15352<\/p>\n<\/div><\/div><\/div><\/div><\/div><div class=\"fusion-fullwidth fullwidth-box fusion-builder-row-4 fusion-flex-container hundred-percent-fullwidth non-hundred-percent-height-scrolling fusion-animated\" style=\"--awb-border-radius-top-left:0px;--awb-border-radius-top-right:0px;--awb-border-radius-bottom-right:0px;--awb-border-radius-bottom-left:0px;--awb-padding-top-small:0px;--awb-padding-right-small:12vw;--awb-padding-bottom-small:12vw;--awb-padding-left-small:12vw;\" data-animationType=\"fadeInUp\" data-animationDuration=\"1.2\" data-animationOffset=\"top-into-view\" ><div class=\"fusion-builder-row fusion-row fusion-flex-align-items-flex-start\" style=\"width:105% !important;max-width:105% !important;margin-left: calc(-5% \/ 2 );margin-right: calc(-5% \/ 2 );\"><div class=\"fusion-layout-column fusion_builder_column fusion-builder-column-4 fusion_builder_column_1_1 1_1 fusion-flex-column\" style=\"--awb-padding-top:2vw;--awb-padding-right:2vw;--awb-padding-bottom:2vw;--awb-padding-left:2vw;--awb-overflow:hidden;--awb-bg-size:cover;--awb-border-radius:6px 6px 6px 6px;--awb-width-large:100%;--awb-margin-top-large:0px;--awb-spacing-right-large:2.375%;--awb-margin-bottom-large:30px;--awb-spacing-left-large:2.375%;--awb-width-medium:100%;--awb-order-medium:0;--awb-spacing-right-medium:2.375%;--awb-spacing-left-medium:2.375%;--awb-width-small:100%;--awb-order-small:0;--awb-spacing-right-small:2.375%;--awb-spacing-left-small:2.375%;\"><div class=\"fusion-column-wrapper fusion-column-has-shadow fusion-flex-justify-content-center fusion-content-layout-column\"><div class=\"awb-gallery-wrapper awb-gallery-wrapper-1 button-span-no\" style=\"--more-btn-alignment:center;\"><div style=\"margin:-11px;--awb-bordersize:0px;--awb-border-radius:10px;\" class=\"fusion-gallery fusion-gallery-container fusion-grid-3 fusion-columns-total-14 fusion-gallery-layout-masonry fusion-gallery-1\"><div class=\"fusion-grid-column fusion-gallery-column fusion-gallery-column-3 hover-type-zoomin fusion-grid-sizer\"><\/div><div style=\"padding:11.5px;\" class=\"fusion-grid-column fusion-gallery-column fusion-gallery-column-3 hover-type-zoomin fusion-element-grid\"><div class=\"fusion-gallery-image\"><a href=\"https:\/\/grupoberna.info\/wp-content\/uploads\/2023\/03\/pisocoloniadesantjordi-callesol-terrazavistas2.jpg\" rel=\"noreferrer\" data-rel=\"iLightbox[gallery_image_1]\" class=\"fusion-lightbox\" target=\"_self\"><div style=\"padding-top:calc((100% + 22px) * 0.8 - 11.5px);background-position:;\" class=\"fusion-masonry-element-container lazyload\" data-bg=\"https:\/\/grupoberna.info\/wp-content\/uploads\/2023\/03\/pisocoloniadesantjordi-callesol-terrazavistas2.jpg\"><img decoding=\"async\" src=\"https:\/\/grupoberna.info\/wp-content\/uploads\/2023\/03\/pisocoloniadesantjordi-callesol-terrazavistas2.jpg\" data-orig-src=\"https:\/\/grupoberna.info\/wp-content\/uploads\/2023\/03\/pisocoloniadesantjordi-callesol-terrazavistas2.jpg\" width=\"1200\" height=\"900\" alt=\"\" title=\"pisocoloniadesantjordi-callesol-terrazavistas2\" aria-label=\"pisocoloniadesantjordi-callesol-terrazavistas2\" class=\"lazyload img-responsive wp-image-3345\" srcset=\"data:image\/svg+xml,%3Csvg%20xmlns%3D%27http%3A%2F%2Fwww.w3.org%2F2000%2Fsvg%27%20width%3D%271200%27%20height%3D%27900%27%20viewBox%3D%270%200%201200%20900%27%3E%3Crect%20width%3D%271200%27%20height%3D%27900%27%20fill-opacity%3D%220%22%2F%3E%3C%2Fsvg%3E\" data-srcset=\"https:\/\/grupoberna.info\/wp-content\/uploads\/2023\/03\/pisocoloniadesantjordi-callesol-terrazavistas2-200x150.jpg 200w, https:\/\/grupoberna.info\/wp-content\/uploads\/2023\/03\/pisocoloniadesantjordi-callesol-terrazavistas2-400x300.jpg 400w, https:\/\/grupoberna.info\/wp-content\/uploads\/2023\/03\/pisocoloniadesantjordi-callesol-terrazavistas2-600x450.jpg 600w, https:\/\/grupoberna.info\/wp-content\/uploads\/2023\/03\/pisocoloniadesantjordi-callesol-terrazavistas2-800x600.jpg 800w, https:\/\/grupoberna.info\/wp-content\/uploads\/2023\/03\/pisocoloniadesantjordi-callesol-terrazavistas2.jpg 1200w\" data-sizes=\"auto\" data-orig-sizes=\"(min-width: 2200px) 100vw, (min-width: 784px) 426px, (min-width: 712px) 639px, (min-width: 640px) 712px, \" \/><\/div><\/a><\/div><\/div><div style=\"padding:11.5px;\" class=\"fusion-grid-column fusion-gallery-column fusion-gallery-column-3 hover-type-zoomin fusion-element-grid\"><div class=\"fusion-gallery-image\"><a href=\"https:\/\/grupoberna.info\/wp-content\/uploads\/2023\/03\/pisocoloniadesantjordi-callesol-terraza3.jpg\" rel=\"noreferrer\" data-rel=\"iLightbox[gallery_image_1]\" class=\"fusion-lightbox\" target=\"_self\"><div style=\"padding-top:calc((100% + 22px) * 0.8 - 11.5px);background-position:;\" class=\"fusion-masonry-element-container lazyload\" data-bg=\"https:\/\/grupoberna.info\/wp-content\/uploads\/2023\/03\/pisocoloniadesantjordi-callesol-terraza3.jpg\"><img decoding=\"async\" src=\"https:\/\/grupoberna.info\/wp-content\/uploads\/2023\/03\/pisocoloniadesantjordi-callesol-terraza3.jpg\" data-orig-src=\"https:\/\/grupoberna.info\/wp-content\/uploads\/2023\/03\/pisocoloniadesantjordi-callesol-terraza3.jpg\" width=\"1200\" height=\"900\" alt=\"\" title=\"pisocoloniadesantjordi-callesol-terraza3\" aria-label=\"pisocoloniadesantjordi-callesol-terraza3\" class=\"lazyload img-responsive wp-image-3330\" srcset=\"data:image\/svg+xml,%3Csvg%20xmlns%3D%27http%3A%2F%2Fwww.w3.org%2F2000%2Fsvg%27%20width%3D%271200%27%20height%3D%27900%27%20viewBox%3D%270%200%201200%20900%27%3E%3Crect%20width%3D%271200%27%20height%3D%27900%27%20fill-opacity%3D%220%22%2F%3E%3C%2Fsvg%3E\" data-srcset=\"https:\/\/grupoberna.info\/wp-content\/uploads\/2023\/03\/pisocoloniadesantjordi-callesol-terraza3-200x150.jpg 200w, https:\/\/grupoberna.info\/wp-content\/uploads\/2023\/03\/pisocoloniadesantjordi-callesol-terraza3-400x300.jpg 400w, https:\/\/grupoberna.info\/wp-content\/uploads\/2023\/03\/pisocoloniadesantjordi-callesol-terraza3-600x450.jpg 600w, https:\/\/grupoberna.info\/wp-content\/uploads\/2023\/03\/pisocoloniadesantjordi-callesol-terraza3-800x600.jpg 800w, https:\/\/grupoberna.info\/wp-content\/uploads\/2023\/03\/pisocoloniadesantjordi-callesol-terraza3.jpg 1200w\" data-sizes=\"auto\" data-orig-sizes=\"(min-width: 2200px) 100vw, (min-width: 784px) 426px, (min-width: 712px) 639px, (min-width: 640px) 712px, \" \/><\/div><\/a><\/div><\/div><div style=\"padding:11.5px;\" class=\"fusion-grid-column fusion-gallery-column fusion-gallery-column-3 hover-type-zoomin fusion-element-grid\"><div class=\"fusion-gallery-image\"><a href=\"https:\/\/grupoberna.info\/wp-content\/uploads\/2023\/03\/pisocoloniadesantjordi-callesol-terraza2.jpg\" rel=\"noreferrer\" data-rel=\"iLightbox[gallery_image_1]\" class=\"fusion-lightbox\" target=\"_self\"><div style=\"padding-top:calc((100% + 22px) * 0.8 - 11.5px);background-position:;\" class=\"fusion-masonry-element-container lazyload\" data-bg=\"https:\/\/grupoberna.info\/wp-content\/uploads\/2023\/03\/pisocoloniadesantjordi-callesol-terraza2.jpg\"><img decoding=\"async\" src=\"https:\/\/grupoberna.info\/wp-content\/uploads\/2023\/03\/pisocoloniadesantjordi-callesol-terraza2.jpg\" data-orig-src=\"https:\/\/grupoberna.info\/wp-content\/uploads\/2023\/03\/pisocoloniadesantjordi-callesol-terraza2.jpg\" width=\"1200\" height=\"900\" alt=\"Gran terraza\" title=\"pisocoloniadesantjordi-callesol-terraza2\" aria-label=\"pisocoloniadesantjordi-callesol-terraza2\" class=\"lazyload img-responsive wp-image-3327\" srcset=\"data:image\/svg+xml,%3Csvg%20xmlns%3D%27http%3A%2F%2Fwww.w3.org%2F2000%2Fsvg%27%20width%3D%271200%27%20height%3D%27900%27%20viewBox%3D%270%200%201200%20900%27%3E%3Crect%20width%3D%271200%27%20height%3D%27900%27%20fill-opacity%3D%220%22%2F%3E%3C%2Fsvg%3E\" data-srcset=\"https:\/\/grupoberna.info\/wp-content\/uploads\/2023\/03\/pisocoloniadesantjordi-callesol-terraza2-200x150.jpg 200w, https:\/\/grupoberna.info\/wp-content\/uploads\/2023\/03\/pisocoloniadesantjordi-callesol-terraza2-400x300.jpg 400w, https:\/\/grupoberna.info\/wp-content\/uploads\/2023\/03\/pisocoloniadesantjordi-callesol-terraza2-600x450.jpg 600w, https:\/\/grupoberna.info\/wp-content\/uploads\/2023\/03\/pisocoloniadesantjordi-callesol-terraza2-800x600.jpg 800w, https:\/\/grupoberna.info\/wp-content\/uploads\/2023\/03\/pisocoloniadesantjordi-callesol-terraza2.jpg 1200w\" data-sizes=\"auto\" data-orig-sizes=\"(min-width: 2200px) 100vw, (min-width: 784px) 426px, (min-width: 712px) 639px, (min-width: 640px) 712px, \" \/><\/div><\/a><\/div><\/div><div style=\"padding:11.5px;\" class=\"fusion-grid-column fusion-gallery-column fusion-gallery-column-3 hover-type-zoomin fusion-element-grid\"><div class=\"fusion-gallery-image\"><a href=\"https:\/\/grupoberna.info\/wp-content\/uploads\/2023\/03\/pisocoloniadesantjordi-callesol-terraza1.jpg\" rel=\"noreferrer\" data-rel=\"iLightbox[gallery_image_1]\" class=\"fusion-lightbox\" target=\"_self\"><div style=\"padding-top:calc((100% + 22px) * 0.8 - 11.5px);background-position:;\" class=\"fusion-masonry-element-container lazyload\" data-bg=\"https:\/\/grupoberna.info\/wp-content\/uploads\/2023\/03\/pisocoloniadesantjordi-callesol-terraza1.jpg\"><img decoding=\"async\" src=\"https:\/\/grupoberna.info\/wp-content\/uploads\/2023\/03\/pisocoloniadesantjordi-callesol-terraza1.jpg\" data-orig-src=\"https:\/\/grupoberna.info\/wp-content\/uploads\/2023\/03\/pisocoloniadesantjordi-callesol-terraza1.jpg\" width=\"1200\" height=\"900\" alt=\"\" title=\"pisocoloniadesantjordi-callesol-terraza1\" aria-label=\"pisocoloniadesantjordi-callesol-terraza1\" class=\"lazyload img-responsive wp-image-3324\" srcset=\"data:image\/svg+xml,%3Csvg%20xmlns%3D%27http%3A%2F%2Fwww.w3.org%2F2000%2Fsvg%27%20width%3D%271200%27%20height%3D%27900%27%20viewBox%3D%270%200%201200%20900%27%3E%3Crect%20width%3D%271200%27%20height%3D%27900%27%20fill-opacity%3D%220%22%2F%3E%3C%2Fsvg%3E\" data-srcset=\"https:\/\/grupoberna.info\/wp-content\/uploads\/2023\/03\/pisocoloniadesantjordi-callesol-terraza1-200x150.jpg 200w, https:\/\/grupoberna.info\/wp-content\/uploads\/2023\/03\/pisocoloniadesantjordi-callesol-terraza1-400x300.jpg 400w, https:\/\/grupoberna.info\/wp-content\/uploads\/2023\/03\/pisocoloniadesantjordi-callesol-terraza1-600x450.jpg 600w, https:\/\/grupoberna.info\/wp-content\/uploads\/2023\/03\/pisocoloniadesantjordi-callesol-terraza1-800x600.jpg 800w, https:\/\/grupoberna.info\/wp-content\/uploads\/2023\/03\/pisocoloniadesantjordi-callesol-terraza1.jpg 1200w\" data-sizes=\"auto\" data-orig-sizes=\"(min-width: 2200px) 100vw, (min-width: 784px) 426px, (min-width: 712px) 639px, (min-width: 640px) 712px, \" \/><\/div><\/a><\/div><\/div><div style=\"padding:11.5px;\" class=\"fusion-grid-column fusion-gallery-column fusion-gallery-column-3 hover-type-zoomin fusion-element-grid\"><div class=\"fusion-gallery-image\"><a href=\"https:\/\/grupoberna.info\/wp-content\/uploads\/2023\/03\/pisocoloniadesantjordi-callesol-terraza.jpg\" rel=\"noreferrer\" data-rel=\"iLightbox[gallery_image_1]\" class=\"fusion-lightbox\" target=\"_self\"><div style=\"padding-top:calc((100% + 22px) * 0.8 - 11.5px);background-position:;\" class=\"fusion-masonry-element-container lazyload\" data-bg=\"https:\/\/grupoberna.info\/wp-content\/uploads\/2023\/03\/pisocoloniadesantjordi-callesol-terraza.jpg\"><img decoding=\"async\" src=\"https:\/\/grupoberna.info\/wp-content\/uploads\/2023\/03\/pisocoloniadesantjordi-callesol-terraza.jpg\" data-orig-src=\"https:\/\/grupoberna.info\/wp-content\/uploads\/2023\/03\/pisocoloniadesantjordi-callesol-terraza.jpg\" width=\"1200\" height=\"900\" alt=\"\" title=\"pisocoloniadesantjordi-callesol-terraza\" aria-label=\"pisocoloniadesantjordi-callesol-terraza\" class=\"lazyload img-responsive wp-image-3321\" srcset=\"data:image\/svg+xml,%3Csvg%20xmlns%3D%27http%3A%2F%2Fwww.w3.org%2F2000%2Fsvg%27%20width%3D%271200%27%20height%3D%27900%27%20viewBox%3D%270%200%201200%20900%27%3E%3Crect%20width%3D%271200%27%20height%3D%27900%27%20fill-opacity%3D%220%22%2F%3E%3C%2Fsvg%3E\" data-srcset=\"https:\/\/grupoberna.info\/wp-content\/uploads\/2023\/03\/pisocoloniadesantjordi-callesol-terraza-200x150.jpg 200w, https:\/\/grupoberna.info\/wp-content\/uploads\/2023\/03\/pisocoloniadesantjordi-callesol-terraza-400x300.jpg 400w, https:\/\/grupoberna.info\/wp-content\/uploads\/2023\/03\/pisocoloniadesantjordi-callesol-terraza-600x450.jpg 600w, https:\/\/grupoberna.info\/wp-content\/uploads\/2023\/03\/pisocoloniadesantjordi-callesol-terraza-800x600.jpg 800w, https:\/\/grupoberna.info\/wp-content\/uploads\/2023\/03\/pisocoloniadesantjordi-callesol-terraza.jpg 1200w\" data-sizes=\"auto\" data-orig-sizes=\"(min-width: 2200px) 100vw, (min-width: 784px) 426px, (min-width: 712px) 639px, (min-width: 640px) 712px, \" \/><\/div><\/a><\/div><\/div><div style=\"padding:11.5px;\" class=\"fusion-grid-column fusion-gallery-column fusion-gallery-column-3 hover-type-zoomin fusion-element-grid\"><div class=\"fusion-gallery-image\"><a href=\"https:\/\/grupoberna.info\/wp-content\/uploads\/2023\/03\/pisocoloniadesantjordi-callesol-salon1.jpg\" rel=\"noreferrer\" data-rel=\"iLightbox[gallery_image_1]\" class=\"fusion-lightbox\" target=\"_self\"><div style=\"padding-top:calc((100% + 22px) * 0.8 - 11.5px);background-position:;\" class=\"fusion-masonry-element-container lazyload\" data-bg=\"https:\/\/grupoberna.info\/wp-content\/uploads\/2023\/03\/pisocoloniadesantjordi-callesol-salon1.jpg\"><img decoding=\"async\" src=\"https:\/\/grupoberna.info\/wp-content\/uploads\/2023\/03\/pisocoloniadesantjordi-callesol-salon1.jpg\" data-orig-src=\"https:\/\/grupoberna.info\/wp-content\/uploads\/2023\/03\/pisocoloniadesantjordi-callesol-salon1.jpg\" width=\"1200\" height=\"900\" alt=\"\" title=\"pisocoloniadesantjordi-callesol-salon1\" aria-label=\"pisocoloniadesantjordi-callesol-salon1\" class=\"lazyload img-responsive wp-image-3318\" srcset=\"data:image\/svg+xml,%3Csvg%20xmlns%3D%27http%3A%2F%2Fwww.w3.org%2F2000%2Fsvg%27%20width%3D%271200%27%20height%3D%27900%27%20viewBox%3D%270%200%201200%20900%27%3E%3Crect%20width%3D%271200%27%20height%3D%27900%27%20fill-opacity%3D%220%22%2F%3E%3C%2Fsvg%3E\" data-srcset=\"https:\/\/grupoberna.info\/wp-content\/uploads\/2023\/03\/pisocoloniadesantjordi-callesol-salon1-200x150.jpg 200w, https:\/\/grupoberna.info\/wp-content\/uploads\/2023\/03\/pisocoloniadesantjordi-callesol-salon1-400x300.jpg 400w, https:\/\/grupoberna.info\/wp-content\/uploads\/2023\/03\/pisocoloniadesantjordi-callesol-salon1-600x450.jpg 600w, https:\/\/grupoberna.info\/wp-content\/uploads\/2023\/03\/pisocoloniadesantjordi-callesol-salon1-800x600.jpg 800w, https:\/\/grupoberna.info\/wp-content\/uploads\/2023\/03\/pisocoloniadesantjordi-callesol-salon1.jpg 1200w\" data-sizes=\"auto\" data-orig-sizes=\"(min-width: 2200px) 100vw, (min-width: 784px) 426px, (min-width: 712px) 639px, (min-width: 640px) 712px, \" \/><\/div><\/a><\/div><\/div><div style=\"padding:11.5px;\" class=\"fusion-grid-column fusion-gallery-column fusion-gallery-column-3 hover-type-zoomin fusion-element-grid\"><div class=\"fusion-gallery-image\"><a href=\"https:\/\/grupoberna.info\/wp-content\/uploads\/2023\/03\/pisocoloniadesantjordi-callesol-salon.jpg\" rel=\"noreferrer\" data-rel=\"iLightbox[gallery_image_1]\" class=\"fusion-lightbox\" target=\"_self\"><div style=\"padding-top:calc((100% + 22px) * 0.8 - 11.5px);background-position:;\" class=\"fusion-masonry-element-container lazyload\" data-bg=\"https:\/\/grupoberna.info\/wp-content\/uploads\/2023\/03\/pisocoloniadesantjordi-callesol-salon.jpg\"><img decoding=\"async\" src=\"https:\/\/grupoberna.info\/wp-content\/uploads\/2023\/03\/pisocoloniadesantjordi-callesol-salon.jpg\" data-orig-src=\"https:\/\/grupoberna.info\/wp-content\/uploads\/2023\/03\/pisocoloniadesantjordi-callesol-salon.jpg\" width=\"1200\" height=\"900\" alt=\"\" title=\"pisocoloniadesantjordi-callesol-salon\" aria-label=\"pisocoloniadesantjordi-callesol-salon\" class=\"lazyload img-responsive wp-image-3315\" srcset=\"data:image\/svg+xml,%3Csvg%20xmlns%3D%27http%3A%2F%2Fwww.w3.org%2F2000%2Fsvg%27%20width%3D%271200%27%20height%3D%27900%27%20viewBox%3D%270%200%201200%20900%27%3E%3Crect%20width%3D%271200%27%20height%3D%27900%27%20fill-opacity%3D%220%22%2F%3E%3C%2Fsvg%3E\" data-srcset=\"https:\/\/grupoberna.info\/wp-content\/uploads\/2023\/03\/pisocoloniadesantjordi-callesol-salon-200x150.jpg 200w, https:\/\/grupoberna.info\/wp-content\/uploads\/2023\/03\/pisocoloniadesantjordi-callesol-salon-400x300.jpg 400w, https:\/\/grupoberna.info\/wp-content\/uploads\/2023\/03\/pisocoloniadesantjordi-callesol-salon-600x450.jpg 600w, https:\/\/grupoberna.info\/wp-content\/uploads\/2023\/03\/pisocoloniadesantjordi-callesol-salon-800x600.jpg 800w, https:\/\/grupoberna.info\/wp-content\/uploads\/2023\/03\/pisocoloniadesantjordi-callesol-salon.jpg 1200w\" data-sizes=\"auto\" data-orig-sizes=\"(min-width: 2200px) 100vw, (min-width: 784px) 426px, (min-width: 712px) 639px, (min-width: 640px) 712px, \" \/><\/div><\/a><\/div><\/div><div style=\"padding:11.5px;\" class=\"fusion-grid-column fusion-gallery-column fusion-gallery-column-3 hover-type-zoomin fusion-element-grid\"><div class=\"fusion-gallery-image\"><a href=\"https:\/\/grupoberna.info\/wp-content\/uploads\/2026\/03\/IMG_6622.jpeg\" rel=\"noreferrer\" data-rel=\"iLightbox[gallery_image_1]\" class=\"fusion-lightbox\" target=\"_self\"><div style=\"padding-top:calc((100% + 22px) * 0.8 - 11.5px);background-position:;\" class=\"fusion-masonry-element-container lazyload\" data-bg=\"https:\/\/grupoberna.info\/wp-content\/uploads\/2026\/03\/IMG_6622.jpeg\"><img decoding=\"async\" src=\"https:\/\/grupoberna.info\/wp-content\/uploads\/2026\/03\/IMG_6622.jpeg\" data-orig-src=\"https:\/\/grupoberna.info\/wp-content\/uploads\/2026\/03\/IMG_6622.jpeg\" width=\"1800\" height=\"1350\" alt=\"Dormitorio en Sol 28\" title=\"IMG_6622\" aria-label=\"IMG_6622\" class=\"lazyload img-responsive wp-image-6767\" srcset=\"data:image\/svg+xml,%3Csvg%20xmlns%3D%27http%3A%2F%2Fwww.w3.org%2F2000%2Fsvg%27%20width%3D%271800%27%20height%3D%271350%27%20viewBox%3D%270%200%201800%201350%27%3E%3Crect%20width%3D%271800%27%20height%3D%271350%27%20fill-opacity%3D%220%22%2F%3E%3C%2Fsvg%3E\" data-srcset=\"https:\/\/grupoberna.info\/wp-content\/uploads\/2026\/03\/IMG_6622-200x150.jpeg 200w, https:\/\/grupoberna.info\/wp-content\/uploads\/2026\/03\/IMG_6622-400x300.jpeg 400w, https:\/\/grupoberna.info\/wp-content\/uploads\/2026\/03\/IMG_6622-600x450.jpeg 600w, https:\/\/grupoberna.info\/wp-content\/uploads\/2026\/03\/IMG_6622-800x600.jpeg 800w, https:\/\/grupoberna.info\/wp-content\/uploads\/2026\/03\/IMG_6622-1200x900.jpeg 1200w, https:\/\/grupoberna.info\/wp-content\/uploads\/2026\/03\/IMG_6622.jpeg 1800w\" data-sizes=\"auto\" data-orig-sizes=\"(min-width: 2200px) 100vw, (min-width: 784px) 426px, (min-width: 712px) 639px, (min-width: 640px) 712px, \" \/><\/div><\/a><\/div><\/div><div style=\"padding:11.5px;\" class=\"fusion-grid-column fusion-gallery-column fusion-gallery-column-3 hover-type-zoomin fusion-element-grid\"><div class=\"fusion-gallery-image\"><a href=\"https:\/\/grupoberna.info\/wp-content\/uploads\/2026\/03\/IMG_6616.jpeg\" rel=\"noreferrer\" data-rel=\"iLightbox[gallery_image_1]\" class=\"fusion-lightbox\" target=\"_self\"><div style=\"padding-top:calc((100% + 22px) * 0.8 - 11.5px);background-position:;\" class=\"fusion-masonry-element-container lazyload\" data-bg=\"https:\/\/grupoberna.info\/wp-content\/uploads\/2026\/03\/IMG_6616.jpeg\"><img decoding=\"async\" src=\"https:\/\/grupoberna.info\/wp-content\/uploads\/2026\/03\/IMG_6616.jpeg\" data-orig-src=\"https:\/\/grupoberna.info\/wp-content\/uploads\/2026\/03\/IMG_6616.jpeg\" width=\"1500\" height=\"1125\" alt=\"Dormitorios de 2ol 28\" title=\"IMG_6616\" aria-label=\"IMG_6616\" class=\"lazyload img-responsive wp-image-6751\" srcset=\"data:image\/svg+xml,%3Csvg%20xmlns%3D%27http%3A%2F%2Fwww.w3.org%2F2000%2Fsvg%27%20width%3D%271500%27%20height%3D%271125%27%20viewBox%3D%270%200%201500%201125%27%3E%3Crect%20width%3D%271500%27%20height%3D%271125%27%20fill-opacity%3D%220%22%2F%3E%3C%2Fsvg%3E\" data-srcset=\"https:\/\/grupoberna.info\/wp-content\/uploads\/2026\/03\/IMG_6616-200x150.jpeg 200w, https:\/\/grupoberna.info\/wp-content\/uploads\/2026\/03\/IMG_6616-400x300.jpeg 400w, https:\/\/grupoberna.info\/wp-content\/uploads\/2026\/03\/IMG_6616-600x450.jpeg 600w, https:\/\/grupoberna.info\/wp-content\/uploads\/2026\/03\/IMG_6616-800x600.jpeg 800w, https:\/\/grupoberna.info\/wp-content\/uploads\/2026\/03\/IMG_6616-1200x900.jpeg 1200w, https:\/\/grupoberna.info\/wp-content\/uploads\/2026\/03\/IMG_6616.jpeg 1500w\" data-sizes=\"auto\" data-orig-sizes=\"(min-width: 2200px) 100vw, (min-width: 784px) 426px, (min-width: 712px) 639px, (min-width: 640px) 712px, \" \/><\/div><\/a><\/div><\/div><div style=\"padding:11.5px;\" class=\"fusion-grid-column fusion-gallery-column fusion-gallery-column-3 hover-type-zoomin fusion-element-grid\"><div class=\"fusion-gallery-image\"><a href=\"https:\/\/grupoberna.info\/wp-content\/uploads\/2026\/03\/IMG_6618.jpeg\" rel=\"noreferrer\" data-rel=\"iLightbox[gallery_image_1]\" class=\"fusion-lightbox\" target=\"_self\"><div style=\"padding-top:calc((100% + 22px) * 0.8 - 11.5px);background-position:;\" class=\"fusion-masonry-element-container lazyload\" data-bg=\"https:\/\/grupoberna.info\/wp-content\/uploads\/2026\/03\/IMG_6618.jpeg\"><img decoding=\"async\" src=\"https:\/\/grupoberna.info\/wp-content\/uploads\/2026\/03\/IMG_6618.jpeg\" data-orig-src=\"https:\/\/grupoberna.info\/wp-content\/uploads\/2026\/03\/IMG_6618.jpeg\" width=\"1800\" height=\"1350\" alt=\"Dormitorios en Sol 28\" title=\"IMG_6618\" aria-label=\"IMG_6618\" class=\"lazyload img-responsive wp-image-6755\" srcset=\"data:image\/svg+xml,%3Csvg%20xmlns%3D%27http%3A%2F%2Fwww.w3.org%2F2000%2Fsvg%27%20width%3D%271800%27%20height%3D%271350%27%20viewBox%3D%270%200%201800%201350%27%3E%3Crect%20width%3D%271800%27%20height%3D%271350%27%20fill-opacity%3D%220%22%2F%3E%3C%2Fsvg%3E\" data-srcset=\"https:\/\/grupoberna.info\/wp-content\/uploads\/2026\/03\/IMG_6618-200x150.jpeg 200w, https:\/\/grupoberna.info\/wp-content\/uploads\/2026\/03\/IMG_6618-400x300.jpeg 400w, https:\/\/grupoberna.info\/wp-content\/uploads\/2026\/03\/IMG_6618-600x450.jpeg 600w, https:\/\/grupoberna.info\/wp-content\/uploads\/2026\/03\/IMG_6618-800x600.jpeg 800w, https:\/\/grupoberna.info\/wp-content\/uploads\/2026\/03\/IMG_6618-1200x900.jpeg 1200w, https:\/\/grupoberna.info\/wp-content\/uploads\/2026\/03\/IMG_6618.jpeg 1800w\" data-sizes=\"auto\" data-orig-sizes=\"(min-width: 2200px) 100vw, (min-width: 784px) 426px, (min-width: 712px) 639px, (min-width: 640px) 712px, \" \/><\/div><\/a><\/div><\/div><div style=\"padding:11.5px;\" class=\"fusion-grid-column fusion-gallery-column fusion-gallery-column-3 hover-type-zoomin fusion-element-grid\"><div class=\"fusion-gallery-image\"><a href=\"https:\/\/grupoberna.info\/wp-content\/uploads\/2023\/03\/pisocoloniadesantjordi-callesol-cocina1.jpg\" rel=\"noreferrer\" data-rel=\"iLightbox[gallery_image_1]\" class=\"fusion-lightbox\" target=\"_self\"><div style=\"padding-top:calc((100% + 22px) * 0.8 - 11.5px);background-position:;\" class=\"fusion-masonry-element-container lazyload\" data-bg=\"https:\/\/grupoberna.info\/wp-content\/uploads\/2023\/03\/pisocoloniadesantjordi-callesol-cocina1.jpg\"><img decoding=\"async\" src=\"https:\/\/grupoberna.info\/wp-content\/uploads\/2023\/03\/pisocoloniadesantjordi-callesol-cocina1.jpg\" data-orig-src=\"https:\/\/grupoberna.info\/wp-content\/uploads\/2023\/03\/pisocoloniadesantjordi-callesol-cocina1.jpg\" width=\"1200\" height=\"900\" alt=\"\" title=\"pisocoloniadesantjordi-callesol-cocina1\" aria-label=\"pisocoloniadesantjordi-callesol-cocina1\" class=\"lazyload img-responsive wp-image-3300\" srcset=\"data:image\/svg+xml,%3Csvg%20xmlns%3D%27http%3A%2F%2Fwww.w3.org%2F2000%2Fsvg%27%20width%3D%271200%27%20height%3D%27900%27%20viewBox%3D%270%200%201200%20900%27%3E%3Crect%20width%3D%271200%27%20height%3D%27900%27%20fill-opacity%3D%220%22%2F%3E%3C%2Fsvg%3E\" data-srcset=\"https:\/\/grupoberna.info\/wp-content\/uploads\/2023\/03\/pisocoloniadesantjordi-callesol-cocina1-200x150.jpg 200w, https:\/\/grupoberna.info\/wp-content\/uploads\/2023\/03\/pisocoloniadesantjordi-callesol-cocina1-400x300.jpg 400w, https:\/\/grupoberna.info\/wp-content\/uploads\/2023\/03\/pisocoloniadesantjordi-callesol-cocina1-600x450.jpg 600w, https:\/\/grupoberna.info\/wp-content\/uploads\/2023\/03\/pisocoloniadesantjordi-callesol-cocina1-800x600.jpg 800w, https:\/\/grupoberna.info\/wp-content\/uploads\/2023\/03\/pisocoloniadesantjordi-callesol-cocina1.jpg 1200w\" data-sizes=\"auto\" data-orig-sizes=\"(min-width: 2200px) 100vw, (min-width: 784px) 426px, (min-width: 712px) 639px, (min-width: 640px) 712px, \" \/><\/div><\/a><\/div><\/div><div style=\"padding:11.5px;\" class=\"fusion-grid-column fusion-gallery-column fusion-gallery-column-3 hover-type-zoomin fusion-element-grid\"><div class=\"fusion-gallery-image\"><a href=\"https:\/\/grupoberna.info\/wp-content\/uploads\/2023\/03\/cocina1.jpg\" rel=\"noreferrer\" data-rel=\"iLightbox[gallery_image_1]\" class=\"fusion-lightbox\" target=\"_self\"><div style=\"padding-top:calc((100% + 22px) * 0.8 - 11.5px);background-position:;\" class=\"fusion-masonry-element-container lazyload\" data-bg=\"https:\/\/grupoberna.info\/wp-content\/uploads\/2023\/03\/cocina1.jpg\"><img decoding=\"async\" src=\"https:\/\/grupoberna.info\/wp-content\/uploads\/2023\/03\/cocina1.jpg\" data-orig-src=\"https:\/\/grupoberna.info\/wp-content\/uploads\/2023\/03\/cocina1.jpg\" width=\"1200\" height=\"900\" alt=\"\" title=\"cocina1\" aria-label=\"cocina1\" class=\"lazyload img-responsive wp-image-3297\" srcset=\"data:image\/svg+xml,%3Csvg%20xmlns%3D%27http%3A%2F%2Fwww.w3.org%2F2000%2Fsvg%27%20width%3D%271200%27%20height%3D%27900%27%20viewBox%3D%270%200%201200%20900%27%3E%3Crect%20width%3D%271200%27%20height%3D%27900%27%20fill-opacity%3D%220%22%2F%3E%3C%2Fsvg%3E\" data-srcset=\"https:\/\/grupoberna.info\/wp-content\/uploads\/2023\/03\/cocina1-200x150.jpg 200w, https:\/\/grupoberna.info\/wp-content\/uploads\/2023\/03\/cocina1-400x300.jpg 400w, https:\/\/grupoberna.info\/wp-content\/uploads\/2023\/03\/cocina1-600x450.jpg 600w, https:\/\/grupoberna.info\/wp-content\/uploads\/2023\/03\/cocina1-800x600.jpg 800w, https:\/\/grupoberna.info\/wp-content\/uploads\/2023\/03\/cocina1.jpg 1200w\" data-sizes=\"auto\" data-orig-sizes=\"(min-width: 2200px) 100vw, (min-width: 784px) 426px, (min-width: 712px) 639px, (min-width: 640px) 712px, \" \/><\/div><\/a><\/div><\/div><div style=\"padding:11.5px;\" class=\"fusion-grid-column fusion-gallery-column fusion-gallery-column-3 hover-type-zoomin fusion-element-grid\"><div class=\"fusion-gallery-image\"><a href=\"https:\/\/grupoberna.info\/wp-content\/uploads\/2023\/03\/cocina.jpg\" rel=\"noreferrer\" data-rel=\"iLightbox[gallery_image_1]\" class=\"fusion-lightbox\" target=\"_self\"><div style=\"padding-top:calc((100% + 22px) * 0.8 - 11.5px);background-position:;\" class=\"fusion-masonry-element-container lazyload\" data-bg=\"https:\/\/grupoberna.info\/wp-content\/uploads\/2023\/03\/cocina.jpg\"><img decoding=\"async\" src=\"https:\/\/grupoberna.info\/wp-content\/uploads\/2023\/03\/cocina.jpg\" data-orig-src=\"https:\/\/grupoberna.info\/wp-content\/uploads\/2023\/03\/cocina.jpg\" width=\"1200\" height=\"900\" alt=\"\" title=\"cocina\" aria-label=\"cocina\" class=\"lazyload img-responsive wp-image-3294\" srcset=\"data:image\/svg+xml,%3Csvg%20xmlns%3D%27http%3A%2F%2Fwww.w3.org%2F2000%2Fsvg%27%20width%3D%271200%27%20height%3D%27900%27%20viewBox%3D%270%200%201200%20900%27%3E%3Crect%20width%3D%271200%27%20height%3D%27900%27%20fill-opacity%3D%220%22%2F%3E%3C%2Fsvg%3E\" data-srcset=\"https:\/\/grupoberna.info\/wp-content\/uploads\/2023\/03\/cocina-200x150.jpg 200w, https:\/\/grupoberna.info\/wp-content\/uploads\/2023\/03\/cocina-400x300.jpg 400w, https:\/\/grupoberna.info\/wp-content\/uploads\/2023\/03\/cocina-600x450.jpg 600w, https:\/\/grupoberna.info\/wp-content\/uploads\/2023\/03\/cocina-800x600.jpg 800w, https:\/\/grupoberna.info\/wp-content\/uploads\/2023\/03\/cocina.jpg 1200w\" data-sizes=\"auto\" data-orig-sizes=\"(min-width: 2200px) 100vw, (min-width: 784px) 426px, (min-width: 712px) 639px, (min-width: 640px) 712px, \" \/><\/div><\/a><\/div><\/div><div style=\"padding:11.5px;\" class=\"fusion-grid-column fusion-gallery-column fusion-gallery-column-3 hover-type-zoomin fusion-element-grid\"><div class=\"fusion-gallery-image\"><a href=\"https:\/\/grupoberna.info\/wp-content\/uploads\/2026\/03\/IMG_6615.jpeg\" rel=\"noreferrer\" data-rel=\"iLightbox[gallery_image_1]\" class=\"fusion-lightbox\" target=\"_self\"><div style=\"padding-top:calc((100% + 22px) * 0.8 - 11.5px);background-position:;\" class=\"fusion-masonry-element-container lazyload\" data-bg=\"https:\/\/grupoberna.info\/wp-content\/uploads\/2026\/03\/IMG_6615.jpeg\"><img decoding=\"async\" src=\"https:\/\/grupoberna.info\/wp-content\/uploads\/2026\/03\/IMG_6615.jpeg\" data-orig-src=\"https:\/\/grupoberna.info\/wp-content\/uploads\/2026\/03\/IMG_6615.jpeg\" width=\"1024\" height=\"1365\" alt=\"Ba\u00f1o de Vivienda Sol 28 junto a Cala Caliota\" title=\"IMG_6615\" aria-label=\"IMG_6615\" class=\"lazyload img-responsive wp-image-6747\" srcset=\"data:image\/svg+xml,%3Csvg%20xmlns%3D%27http%3A%2F%2Fwww.w3.org%2F2000%2Fsvg%27%20width%3D%271024%27%20height%3D%271365%27%20viewBox%3D%270%200%201024%201365%27%3E%3Crect%20width%3D%271024%27%20height%3D%271365%27%20fill-opacity%3D%220%22%2F%3E%3C%2Fsvg%3E\" data-srcset=\"https:\/\/grupoberna.info\/wp-content\/uploads\/2026\/03\/IMG_6615-200x267.jpeg 200w, https:\/\/grupoberna.info\/wp-content\/uploads\/2026\/03\/IMG_6615-400x533.jpeg 400w, https:\/\/grupoberna.info\/wp-content\/uploads\/2026\/03\/IMG_6615-600x800.jpeg 600w, https:\/\/grupoberna.info\/wp-content\/uploads\/2026\/03\/IMG_6615-800x1066.jpeg 800w, https:\/\/grupoberna.info\/wp-content\/uploads\/2026\/03\/IMG_6615.jpeg 1024w\" data-sizes=\"auto\" data-orig-sizes=\"(min-width: 2200px) 100vw, (min-width: 784px) 426px, (min-width: 712px) 639px, (min-width: 640px) 712px, \" \/><\/div><\/a><\/div><\/div><\/div><\/div><\/div><\/div><\/div><\/div><div class=\"fusion-fullwidth fullwidth-box fusion-builder-row-5 fusion-flex-container has-pattern-background has-mask-background hundred-percent-fullwidth non-hundred-percent-height-scrolling\" style=\"--awb-border-color:#e8efef;--awb-border-radius-top-left:0px;--awb-border-radius-top-right:0px;--awb-border-radius-bottom-right:0px;--awb-border-radius-bottom-left:0px;--awb-margin-bottom:0px;--awb-background-color:rgba(1,97,147,0);\" ><div class=\"fusion-builder-row fusion-row fusion-flex-align-items-stretch\" style=\"width:105% !important;max-width:105% !important;margin-left: calc(-5% \/ 2 );margin-right: calc(-5% \/ 2 );\"><div class=\"fusion-layout-column fusion_builder_column fusion-builder-column-5 fusion_builder_column_3_5 3_5 fusion-flex-column\" style=\"--awb-padding-top:10vh;--awb-padding-right:6vw;--awb-padding-bottom:10vh;--awb-padding-left:6vw;--awb-padding-top-medium:8vw;--awb-padding-bottom-medium:8vw;--awb-padding-top-small:7vh;--awb-padding-right-small:7vw;--awb-padding-bottom-small:7vh;--awb-padding-left-small:7vw;--awb-overflow:hidden;--awb-bg-color:#016193;--awb-bg-size:cover;--awb-border-radius:6px 0px 0px 6px;--awb-width-large:60%;--awb-margin-top-large:0px;--awb-spacing-right-large:0;--awb-margin-bottom-large:3.5vw;--awb-spacing-left-large:3.9583333333333%;--awb-width-medium:60%;--awb-order-medium:0;--awb-spacing-right-medium:0;--awb-spacing-left-medium:3.9583333333333%;--awb-width-small:83.333333333333%;--awb-order-small:0;--awb-spacing-right-small:0;--awb-margin-bottom-small:6vw;--awb-spacing-left-small:2.85%;\"><div class=\"fusion-column-wrapper fusion-column-has-shadow fusion-flex-justify-content-flex-start fusion-content-layout-column\"><div class=\"fusion-title title fusion-title-3 fusion-sep-none fusion-title-text fusion-title-size-two\" style=\"--awb-text-color:#ffffff;--awb-margin-bottom:20px;\"><h2 class=\"title-heading-left\" style=\"margin:0;\">Informations utiles<\/h2><\/div><div class=\"fusion-builder-row fusion-builder-row-inner fusion-row fusion-flex-align-items-stretch\" style=\"width:105% !important;max-width:105% !important;margin-left: calc(-5% \/ 2 );margin-right: calc(-5% \/ 2 );\"><div class=\"fusion-layout-column fusion_builder_column_inner fusion-builder-nested-column-2 fusion_builder_column_inner_1_2 1_2 fusion-flex-column\" style=\"--awb-bg-size:cover;--awb-width-large:50%;--awb-margin-top-large:0px;--awb-spacing-right-large:4.75%;--awb-margin-bottom-large:20px;--awb-spacing-left-large:4.75%;--awb-width-medium:50%;--awb-order-medium:0;--awb-spacing-right-medium:4.75%;--awb-spacing-left-medium:4.75%;--awb-width-small:100%;--awb-order-small:0;--awb-spacing-right-small:2.375%;--awb-spacing-left-small:2.375%;\"><div class=\"fusion-column-wrapper fusion-column-has-shadow fusion-flex-justify-content-flex-start fusion-content-layout-column\"><div class=\"fusion-title title fusion-title-4 fusion-sep-none fusion-title-text fusion-title-size-three\" style=\"--awb-text-color:#ffffff;\"><h3 class=\"title-heading-left\" style=\"margin:0;\">Plages :<\/h3><\/div><ul style=\"--awb-line-height:27.2px;--awb-icon-width:27.2px;--awb-icon-height:27.2px;--awb-icon-margin:11.2px;--awb-content-margin:38.4px;--awb-circlecolor:rgba(255,255,255,0);--awb-circle-yes-font-size:14.08px;\" class=\"fusion-checklist fusion-checklist-3 fusion-checklist-default type-icons\"><li class=\"fusion-li-item\" style=\"\"><span class=\"icon-wrapper circle-yes\"><i class=\"fusion-li-icon fa-check fas\" aria-hidden=\"true\"><\/i><\/span><div class=\"fusion-li-item-content\">\n<p>Es Trenc, 3 km<\/p>\n<\/div><\/li><li class=\"fusion-li-item\" style=\"\"><span class=\"icon-wrapper circle-yes\"><i class=\"fusion-li-icon fa-check fas\" aria-hidden=\"true\"><\/i><\/span><div class=\"fusion-li-item-content\">\n<p>Es Carbo, 2 km<\/p>\n<\/div><\/li><li class=\"fusion-li-item\" style=\"\"><span class=\"icon-wrapper circle-yes\"><i class=\"fusion-li-icon fa-check fas\" aria-hidden=\"true\"><\/i><\/span><div class=\"fusion-li-item-content\">\n<p>Es Dol\u00e7, 1&rsquo;5 km<\/p>\n<\/div><\/li><li class=\"fusion-li-item\" style=\"\"><span class=\"icon-wrapper circle-yes\"><i class=\"fusion-li-icon fa-check fas\" aria-hidden=\"true\"><\/i><\/span><div class=\"fusion-li-item-content\">\n<p>Cala Galiota, 100 m.<\/p>\n<\/div><\/li><\/ul><\/div><\/div><div class=\"fusion-layout-column fusion_builder_column_inner fusion-builder-nested-column-3 fusion_builder_column_inner_1_2 1_2 fusion-flex-column\" style=\"--awb-bg-size:cover;--awb-width-large:50%;--awb-margin-top-large:0px;--awb-spacing-right-large:4.75%;--awb-margin-bottom-large:20px;--awb-spacing-left-large:4.75%;--awb-width-medium:50%;--awb-order-medium:0;--awb-spacing-right-medium:4.75%;--awb-spacing-left-medium:4.75%;--awb-width-small:100%;--awb-order-small:0;--awb-spacing-right-small:2.375%;--awb-spacing-left-small:2.375%;\"><div class=\"fusion-column-wrapper fusion-column-has-shadow fusion-flex-justify-content-flex-start fusion-content-layout-column\"><div class=\"fusion-title title fusion-title-5 fusion-sep-none fusion-title-text fusion-title-size-three\" style=\"--awb-text-color:#ffffff;\"><h3 class=\"title-heading-left\" style=\"margin:0;\">Villes voisines :<\/h3><\/div><ul style=\"--awb-line-height:27.2px;--awb-icon-width:27.2px;--awb-icon-height:27.2px;--awb-icon-margin:11.2px;--awb-content-margin:38.4px;--awb-circlecolor:rgba(166,109,63,0);--awb-circle-yes-font-size:14.08px;\" class=\"fusion-checklist fusion-checklist-4 fusion-checklist-default type-icons\"><li class=\"fusion-li-item\" style=\"\"><span class=\"icon-wrapper circle-yes\"><i class=\"fusion-li-icon fa-check fas\" aria-hidden=\"true\"><\/i><\/span><div class=\"fusion-li-item-content\">\n<p>Campos, 12 km<\/p>\n<\/div><\/li><li class=\"fusion-li-item\" style=\"\"><span class=\"icon-wrapper circle-yes\"><i class=\"fusion-li-icon fa-check fas\" aria-hidden=\"true\"><\/i><\/span><div class=\"fusion-li-item-content\">\n<p>Ses Salines, 5 km<\/p>\n<\/div><\/li><li class=\"fusion-li-item\" style=\"\"><span class=\"icon-wrapper circle-yes\"><i class=\"fusion-li-icon fa-check fas\" aria-hidden=\"true\"><\/i><\/span><div class=\"fusion-li-item-content\">\n<p>Santany, 15 km<\/p>\n<\/div><\/li><\/ul><\/div><\/div><\/div><\/div><\/div><div class=\"fusion-layout-column fusion_builder_column fusion-builder-column-6 fusion_builder_column_2_5 2_5 fusion-flex-column\" style=\"--awb-overflow:hidden;--awb-bg-position:center center;--awb-bg-size:cover;--awb-border-radius:0px 6px 6px 0px;--awb-width-large:40%;--awb-margin-top-large:0px;--awb-spacing-right-large:0;--awb-margin-bottom-large:3.5vw;--awb-spacing-left-large:0;--awb-width-medium:40%;--awb-order-medium:0;--awb-spacing-right-medium:0;--awb-spacing-left-medium:0;--awb-width-small:16.666666666667%;--awb-order-small:1;--awb-spacing-right-small:0;--awb-margin-bottom-small:6vw;--awb-spacing-left-small:0;\"><div class=\"fusion-column-wrapper fusion-column-has-shadow fusion-flex-justify-content-flex-start fusion-content-layout-column\"><a class=\"fusion-modal-text-link\" href=\"#\"><iframe style=\"border: 0;\" src=\"https:\/\/www.google.com\/maps\/embed?pb=!1m18!1m12!1m3!1d771.691150343218!2d2.9920090292511006!3d39.316259098719264!2m3!1f0!2f0!3f0!3m2!1i1024!2i768!4f13.1!3m3!1m2!1s0x1297a9a47f5b555f%3A0xe93e362044a0ebd!2sCarrer%20Sol%2C%2028%2C%2007638%20Col%C3%B2nia%20de%20Sant%20Jordi%2C%20Illes%20Balears!5e0!3m2!1sca!2ses!4v1679042070721!5m2!1sca!2ses\" width=\"600\" height=\"450\" allowfullscreen=\"allowfullscreen\"><\/iframe><\/a><\/div><\/div><\/div><\/div><\/p>\n","protected":false},"excerpt":{"rendered":"","protected":false},"author":1,"featured_media":4933,"parent":0,"menu_order":0,"comment_status":"closed","ping_status":"closed","template":"100-width.php","meta":{"footnotes":""},"class_list":["post-4370","page","type-page","status-publish","has-post-thumbnail","hentry"],"yoast_head":"<!-- This site is optimized with the Yoast SEO plugin v21.5 - https:\/\/yoast.com\/wordpress\/plugins\/seo\/ -->\n<title>Sol 28, \u00e0 Colonia Sant Jodi, \u00e0 c\u00f4t\u00e9 de Cala Galiota.<\/title>\n<meta name=\"description\" content=\"Logement Sol 28 au premier \u00e9tage sur le coin avec grande terrasse, 3 chambres, 2 salles de bains, WI, Air conditionn\u00e9 dans le salon-salle \u00e0 manger.\" \/>\n<meta name=\"robots\" content=\"index, follow, max-snippet:-1, max-image-preview:large, max-video-preview:-1\" \/>\n<link rel=\"canonical\" href=\"https:\/\/grupoberna.info\/fr\/soll-28\/\" \/>\n<meta property=\"og:locale\" content=\"fr_FR\" \/>\n<meta property=\"og:type\" content=\"article\" \/>\n<meta property=\"og:title\" content=\"Sol 28, \u00e0 Colonia Sant Jodi, \u00e0 c\u00f4t\u00e9 de Cala Galiota.\" \/>\n<meta property=\"og:description\" content=\"Logement Sol 28 au premier \u00e9tage sur le coin avec grande terrasse, 3 chambres, 2 salles de bains, WI, Air conditionn\u00e9 dans le salon-salle \u00e0 manger.\" \/>\n<meta property=\"og:url\" content=\"https:\/\/grupoberna.info\/fr\/soll-28\/\" \/>\n<meta property=\"og:site_name\" content=\"Apartamentos tur\u00edsticos y viviendas vacacionales\" \/>\n<meta property=\"article:publisher\" content=\"https:\/\/es-es.facebook.com\/grupobernacoloniadesantjordi\/\" \/>\n<meta property=\"article:modified_time\" content=\"2026-03-11T16:17:28+00:00\" \/>\n<meta property=\"og:image\" content=\"https:\/\/grupoberna.info\/wp-content\/uploads\/2024\/11\/pisocoloniadesantjordi-callesol-terraza3.jpg\" \/>\n\t<meta property=\"og:image:width\" content=\"1200\" \/>\n\t<meta property=\"og:image:height\" content=\"900\" \/>\n\t<meta property=\"og:image:type\" content=\"image\/jpeg\" \/>\n<meta name=\"twitter:card\" content=\"summary_large_image\" \/>\n<meta name=\"twitter:label1\" content=\"Dur\u00e9e de lecture estim\u00e9e\" \/>\n\t<meta name=\"twitter:data1\" content=\"13 minutes\" \/>\n<script type=\"application\/ld+json\" class=\"yoast-schema-graph\">{\"@context\":\"https:\/\/schema.org\",\"@graph\":[{\"@type\":\"WebPage\",\"@id\":\"https:\/\/grupoberna.info\/fr\/soll-28\/\",\"url\":\"https:\/\/grupoberna.info\/fr\/soll-28\/\",\"name\":\"Sol 28, \u00e0 Colonia Sant Jodi, \u00e0 c\u00f4t\u00e9 de Cala Galiota.\",\"isPartOf\":{\"@id\":\"https:\/\/grupoberna.info\/#website\"},\"datePublished\":\"2024-01-08T18:02:41+00:00\",\"dateModified\":\"2026-03-11T16:17:28+00:00\",\"description\":\"Logement Sol 28 au premier \u00e9tage sur le coin avec grande terrasse, 3 chambres, 2 salles de bains, WI, Air conditionn\u00e9 dans le salon-salle \u00e0 manger.\",\"breadcrumb\":{\"@id\":\"https:\/\/grupoberna.info\/fr\/soll-28\/#breadcrumb\"},\"inLanguage\":\"fr-FR\",\"potentialAction\":[{\"@type\":\"ReadAction\",\"target\":[\"https:\/\/grupoberna.info\/fr\/soll-28\/\"]}]},{\"@type\":\"BreadcrumbList\",\"@id\":\"https:\/\/grupoberna.info\/fr\/soll-28\/#breadcrumb\",\"itemListElement\":[{\"@type\":\"ListItem\",\"position\":1,\"name\":\"Portada\",\"item\":\"https:\/\/grupoberna.info\/fr\/appartements-et-villas-berna-group\/\"},{\"@type\":\"ListItem\",\"position\":2,\"name\":\"Soll 28\"}]},{\"@type\":\"WebSite\",\"@id\":\"https:\/\/grupoberna.info\/#website\",\"url\":\"https:\/\/grupoberna.info\/\",\"name\":\"Apartamentos tur\u00edsticos y viviendas vacacionales\",\"description\":\"Apartamentos y villas | Es Trenc - Mallorca -Espa\u00f1a\",\"publisher\":{\"@id\":\"https:\/\/grupoberna.info\/#organization\"},\"potentialAction\":[{\"@type\":\"SearchAction\",\"target\":{\"@type\":\"EntryPoint\",\"urlTemplate\":\"https:\/\/grupoberna.info\/?s={search_term_string}\"},\"query-input\":\"required name=search_term_string\"}],\"inLanguage\":\"fr-FR\"},{\"@type\":\"Organization\",\"@id\":\"https:\/\/grupoberna.info\/#organization\",\"name\":\"Apartamentos tur\u00edsticos y viviendas vacacionales\",\"url\":\"https:\/\/grupoberna.info\/\",\"logo\":{\"@type\":\"ImageObject\",\"inLanguage\":\"fr-FR\",\"@id\":\"https:\/\/grupoberna.info\/#\/schema\/logo\/image\/\",\"url\":\"https:\/\/grupoberna.info\/wp-content\/uploads\/2021\/08\/Grupo-berna-azul.png\",\"contentUrl\":\"https:\/\/grupoberna.info\/wp-content\/uploads\/2021\/08\/Grupo-berna-azul.png\",\"width\":274,\"height\":120,\"caption\":\"Apartamentos tur\u00edsticos y viviendas vacacionales\"},\"image\":{\"@id\":\"https:\/\/grupoberna.info\/#\/schema\/logo\/image\/\"},\"sameAs\":[\"https:\/\/es-es.facebook.com\/grupobernacoloniadesantjordi\/\",\"https:\/\/www.instagram.com\/grupo_berna\/\"]}]}<\/script>\n<!-- \/ Yoast SEO plugin. -->","yoast_head_json":{"title":"Sol 28, \u00e0 Colonia Sant Jodi, \u00e0 c\u00f4t\u00e9 de Cala Galiota.","description":"Logement Sol 28 au premier \u00e9tage sur le coin avec grande terrasse, 3 chambres, 2 salles de bains, WI, Air conditionn\u00e9 dans le salon-salle \u00e0 manger.","robots":{"index":"index","follow":"follow","max-snippet":"max-snippet:-1","max-image-preview":"max-image-preview:large","max-video-preview":"max-video-preview:-1"},"canonical":"https:\/\/grupoberna.info\/fr\/soll-28\/","og_locale":"fr_FR","og_type":"article","og_title":"Sol 28, \u00e0 Colonia Sant Jodi, \u00e0 c\u00f4t\u00e9 de Cala Galiota.","og_description":"Logement Sol 28 au premier \u00e9tage sur le coin avec grande terrasse, 3 chambres, 2 salles de bains, WI, Air conditionn\u00e9 dans le salon-salle \u00e0 manger.","og_url":"https:\/\/grupoberna.info\/fr\/soll-28\/","og_site_name":"Apartamentos tur\u00edsticos y viviendas vacacionales","article_publisher":"https:\/\/es-es.facebook.com\/grupobernacoloniadesantjordi\/","article_modified_time":"2026-03-11T16:17:28+00:00","og_image":[{"width":1200,"height":900,"url":"https:\/\/grupoberna.info\/wp-content\/uploads\/2024\/11\/pisocoloniadesantjordi-callesol-terraza3.jpg","type":"image\/jpeg"}],"twitter_card":"summary_large_image","twitter_misc":{"Dur\u00e9e de lecture estim\u00e9e":"13 minutes"},"schema":{"@context":"https:\/\/schema.org","@graph":[{"@type":"WebPage","@id":"https:\/\/grupoberna.info\/fr\/soll-28\/","url":"https:\/\/grupoberna.info\/fr\/soll-28\/","name":"Sol 28, \u00e0 Colonia Sant Jodi, \u00e0 c\u00f4t\u00e9 de Cala Galiota.","isPartOf":{"@id":"https:\/\/grupoberna.info\/#website"},"datePublished":"2024-01-08T18:02:41+00:00","dateModified":"2026-03-11T16:17:28+00:00","description":"Logement Sol 28 au premier \u00e9tage sur le coin avec grande terrasse, 3 chambres, 2 salles de bains, WI, Air conditionn\u00e9 dans le salon-salle \u00e0 manger.","breadcrumb":{"@id":"https:\/\/grupoberna.info\/fr\/soll-28\/#breadcrumb"},"inLanguage":"fr-FR","potentialAction":[{"@type":"ReadAction","target":["https:\/\/grupoberna.info\/fr\/soll-28\/"]}]},{"@type":"BreadcrumbList","@id":"https:\/\/grupoberna.info\/fr\/soll-28\/#breadcrumb","itemListElement":[{"@type":"ListItem","position":1,"name":"Portada","item":"https:\/\/grupoberna.info\/fr\/appartements-et-villas-berna-group\/"},{"@type":"ListItem","position":2,"name":"Soll 28"}]},{"@type":"WebSite","@id":"https:\/\/grupoberna.info\/#website","url":"https:\/\/grupoberna.info\/","name":"Apartamentos tur\u00edsticos y viviendas vacacionales","description":"Apartamentos y villas | Es Trenc - Mallorca -Espa\u00f1a","publisher":{"@id":"https:\/\/grupoberna.info\/#organization"},"potentialAction":[{"@type":"SearchAction","target":{"@type":"EntryPoint","urlTemplate":"https:\/\/grupoberna.info\/?s={search_term_string}"},"query-input":"required name=search_term_string"}],"inLanguage":"fr-FR"},{"@type":"Organization","@id":"https:\/\/grupoberna.info\/#organization","name":"Apartamentos tur\u00edsticos y viviendas vacacionales","url":"https:\/\/grupoberna.info\/","logo":{"@type":"ImageObject","inLanguage":"fr-FR","@id":"https:\/\/grupoberna.info\/#\/schema\/logo\/image\/","url":"https:\/\/grupoberna.info\/wp-content\/uploads\/2021\/08\/Grupo-berna-azul.png","contentUrl":"https:\/\/grupoberna.info\/wp-content\/uploads\/2021\/08\/Grupo-berna-azul.png","width":274,"height":120,"caption":"Apartamentos tur\u00edsticos y viviendas vacacionales"},"image":{"@id":"https:\/\/grupoberna.info\/#\/schema\/logo\/image\/"},"sameAs":["https:\/\/es-es.facebook.com\/grupobernacoloniadesantjordi\/","https:\/\/www.instagram.com\/grupo_berna\/"]}]}},"_links":{"self":[{"href":"https:\/\/grupoberna.info\/fr\/wp-json\/wp\/v2\/pages\/4370","targetHints":{"allow":["GET"]}}],"collection":[{"href":"https:\/\/grupoberna.info\/fr\/wp-json\/wp\/v2\/pages"}],"about":[{"href":"https:\/\/grupoberna.info\/fr\/wp-json\/wp\/v2\/types\/page"}],"author":[{"embeddable":true,"href":"https:\/\/grupoberna.info\/fr\/wp-json\/wp\/v2\/users\/1"}],"replies":[{"embeddable":true,"href":"https:\/\/grupoberna.info\/fr\/wp-json\/wp\/v2\/comments?post=4370"}],"version-history":[{"count":9,"href":"https:\/\/grupoberna.info\/fr\/wp-json\/wp\/v2\/pages\/4370\/revisions"}],"predecessor-version":[{"id":6779,"href":"https:\/\/grupoberna.info\/fr\/wp-json\/wp\/v2\/pages\/4370\/revisions\/6779"}],"wp:featuredmedia":[{"embeddable":true,"href":"https:\/\/grupoberna.info\/fr\/wp-json\/wp\/v2\/media\/4933"}],"wp:attachment":[{"href":"https:\/\/grupoberna.info\/fr\/wp-json\/wp\/v2\/media?parent=4370"}],"curies":[{"name":"wp","href":"https:\/\/api.w.org\/{rel}","templated":true}]}}